{"id":9251,"date":"2021-10-22T04:26:05","date_gmt":"2021-10-22T04:26:05","guid":{"rendered":"https:\/\/sindicato1chuqui.cl\/maqueta\/?page_id=9251"},"modified":"2022-02-19T06:50:37","modified_gmt":"2022-02-19T06:50:37","slug":"noticiasmineria","status":"publish","type":"page","link":"https:\/\/sindicato1chuqui.cl\/maqueta\/noticiasmineria\/","title":{"rendered":"noticiasmineria"},"content":{"rendered":"\t\t<div data-elementor-type=\"wp-page\" data-elementor-id=\"9251\" class=\"elementor elementor-9251\" data-elementor-post-type=\"page\">\n\t\t\t\t\t\t<section class=\"elementor-section elementor-top-section elementor-element elementor-element-bfe3839 elementor-section-boxed elementor-section-height-default elementor-section-height-default\" data-id=\"bfe3839\" data-element_type=\"section\">\n\t\t\t\t\t\t<div class=\"elementor-container elementor-column-gap-default\">\n\t\t\t\t\t<div class=\"elementor-column elementor-col-100 elementor-top-column elementor-element elementor-element-c538aa8\" data-id=\"c538aa8\" data-element_type=\"column\">\n\t\t\t<div class=\"elementor-widget-wrap elementor-element-populated\">\n\t\t\t\t\t\t<div class=\"elementor-element elementor-element-725af5b elementor-widget-divider--view-line elementor-widget elementor-widget-divider\" data-id=\"725af5b\" data-element_type=\"widget\" data-widget_type=\"divider.default\">\n\t\t\t\t<div class=\"elementor-widget-container\">\n\t\t\t\t\t\t\t<div class=\"elementor-divider\">\n\t\t\t<span class=\"elementor-divider-separator\">\n\t\t\t\t\t\t<\/span>\n\t\t<\/div>\n\t\t\t\t\t\t<\/div>\n\t\t\t\t<\/div>\n\t\t\t\t\t<\/div>\n\t\t<\/div>\n\t\t\t\t\t<\/div>\n\t\t<\/section>\n\t\t\t\t<section class=\"elementor-section elementor-top-section elementor-element elementor-element-c6ba8e5 elementor-section-boxed elementor-section-height-default elementor-section-height-default\" data-id=\"c6ba8e5\" data-element_type=\"section\">\n\t\t\t\t\t\t<div class=\"elementor-container elementor-column-gap-default\">\n\t\t\t\t\t<div class=\"elementor-column elementor-col-20 elementor-top-column elementor-element elementor-element-d0f8ec6\" data-id=\"d0f8ec6\" data-element_type=\"column\">\n\t\t\t<div class=\"elementor-widget-wrap\">\n\t\t\t\t\t\t\t<\/div>\n\t\t<\/div>\n\t\t\t\t<div class=\"elementor-column elementor-col-20 elementor-top-column elementor-element elementor-element-93443f0\" data-id=\"93443f0\" data-element_type=\"column\">\n\t\t\t<div class=\"elementor-widget-wrap\">\n\t\t\t\t\t\t\t<\/div>\n\t\t<\/div>\n\t\t\t\t<div class=\"elementor-column elementor-col-20 elementor-top-column elementor-element elementor-element-cf38c70\" data-id=\"cf38c70\" data-element_type=\"column\">\n\t\t\t<div class=\"elementor-widget-wrap\">\n\t\t\t\t\t\t\t<\/div>\n\t\t<\/div>\n\t\t\t\t<div class=\"elementor-column elementor-col-20 elementor-top-column elementor-element elementor-element-8cc340f\" data-id=\"8cc340f\" data-element_type=\"column\">\n\t\t\t<div class=\"elementor-widget-wrap\">\n\t\t\t\t\t\t\t<\/div>\n\t\t<\/div>\n\t\t\t\t<div class=\"elementor-column elementor-col-20 elementor-top-column elementor-element elementor-element-9e5c203\" data-id=\"9e5c203\" data-element_type=\"column\">\n\t\t\t<div class=\"elementor-widget-wrap\">\n\t\t\t\t\t\t\t<\/div>\n\t\t<\/div>\n\t\t\t\t\t<\/div>\n\t\t<\/section>\n\t\t\t\t<section class=\"elementor-section elementor-top-section elementor-element elementor-element-fb606c3 elementor-section-boxed elementor-section-height-default elementor-section-height-default\" data-id=\"fb606c3\" data-element_type=\"section\">\n\t\t\t\t\t\t<div class=\"elementor-container elementor-column-gap-default\">\n\t\t\t\t\t<div class=\"elementor-column elementor-col-100 elementor-top-column elementor-element elementor-element-2481cf6\" data-id=\"2481cf6\" data-element_type=\"column\">\n\t\t\t<div class=\"elementor-widget-wrap elementor-element-populated\">\n\t\t\t\t\t\t\t<\/div>\n\t\t<\/div>\n\t\t\t\t\t<\/div>\n\t\t<\/section>\n\t\t\t\t<section class=\"elementor-section elementor-top-section elementor-element elementor-element-f06277e elementor-section-boxed elementor-section-height-default elementor-section-height-default\" data-id=\"f06277e\" data-element_type=\"section\">\n\t\t\t\t\t\t<div class=\"elementor-container elementor-column-gap-default\">\n\t\t\t\t\t<div class=\"elementor-column elementor-col-100 elementor-top-column elementor-element elementor-element-71b6f11\" data-id=\"71b6f11\" data-element_type=\"column\">\n\t\t\t<div class=\"elementor-widget-wrap elementor-element-populated\">\n\t\t\t\t\t\t<div class=\"elementor-element elementor-element-17e3072 elementor-grid-3 elementor-grid-tablet-2 elementor-grid-mobile-1 elementor-posts--thumbnail-top elementor-posts--show-avatar elementor-card-shadow-yes elementor-posts__hover-gradient elementor-widget elementor-widget-posts\" data-id=\"17e3072\" data-element_type=\"widget\" data-settings=\"{&quot;pagination_type&quot;:&quot;numbers_and_prev_next&quot;,&quot;cards_columns&quot;:&quot;3&quot;,&quot;cards_columns_tablet&quot;:&quot;2&quot;,&quot;cards_columns_mobile&quot;:&quot;1&quot;,&quot;cards_row_gap&quot;:{&quot;unit&quot;:&quot;px&quot;,&quot;size&quot;:35,&quot;sizes&quot;:[]},&quot;cards_row_gap_tablet&quot;:{&quot;unit&quot;:&quot;px&quot;,&quot;size&quot;:&quot;&quot;,&quot;sizes&quot;:[]},&quot;cards_row_gap_mobile&quot;:{&quot;unit&quot;:&quot;px&quot;,&quot;size&quot;:&quot;&quot;,&quot;sizes&quot;:[]}}\" data-widget_type=\"posts.cards\">\n\t\t\t\t<div class=\"elementor-widget-container\">\n\t\t\t\t\t\t\t<div class=\"elementor-posts-container elementor-posts elementor-posts--skin-cards elementor-grid\">\n\t\t\t\t<article class=\"elementor-post elementor-grid-item post-2137 post type-post status-publish format-standard has-post-thumbnail hentry category-noticias category-noticiasmine\">\n\t\t\t<div class=\"elementor-post__card\">\n\t\t\t\t<a class=\"elementor-post__thumbnail__link\" href=\"https:\/\/sindicato1chuqui.cl\/maqueta\/2021\/06\/23\/cobre-sigue-a-la-baja-y-llega-a-menor-nivel-en-2-meses\/\" tabindex=\"-1\" ><div class=\"elementor-post__thumbnail\"><img decoding=\"async\" width=\"225\" height=\"169\" src=\"https:\/\/sindicato1chuqui.cl\/maqueta\/wp-content\/uploads\/2021\/06\/los-catodos-de-cobre-3110100n0-14150341.jpg\" class=\"attachment-thumbnail size-thumbnail wp-image-2138\" alt=\"\" \/><\/div><\/a>\n\t\t\t\t<div class=\"elementor-post__badge\">Noticias<\/div>\n\t\t\t\t<div class=\"elementor-post__avatar\">\n\t\t\t<img alt='Max Godoy' src='https:\/\/secure.gravatar.com\/avatar\/c9baafe77c1d55e738d7574c8d101e7322b090361e8ec29200d3937beb8a995e?s=128&#038;d=mm&#038;r=g' srcset='https:\/\/secure.gravatar.com\/avatar\/c9baafe77c1d55e738d7574c8d101e7322b090361e8ec29200d3937beb8a995e?s=256&#038;d=mm&#038;r=g 2x' class='avatar avatar-128 photo' height='128' width='128' \/>\t\t<\/div>\n\t\t\t\t<div class=\"elementor-post__text\">\n\t\t\t\t<h1 class=\"elementor-post__title\">\n\t\t\t<a href=\"https:\/\/sindicato1chuqui.cl\/maqueta\/2021\/06\/23\/cobre-sigue-a-la-baja-y-llega-a-menor-nivel-en-2-meses\/\" >\n\t\t\t\tCobre sigue a la baja y llega a menor nivel en 2 meses\t\t\t<\/a>\n\t\t<\/h1>\n\t\t\t\t<div class=\"elementor-post__excerpt\">\n\t\t\t<p>Una nueva jornada para el olvido tuvo ayer el cobre en la Bolsa de Metales de Londres. Durante la jornada de este lunes, el metal<\/p>\n\t\t<\/div>\n\t\t\n\t\t<a class=\"elementor-post__read-more\" href=\"https:\/\/sindicato1chuqui.cl\/maqueta\/2021\/06\/23\/cobre-sigue-a-la-baja-y-llega-a-menor-nivel-en-2-meses\/\" aria-label=\"Read more about Cobre sigue a la baja y llega a menor nivel en 2 meses\" tabindex=\"-1\" >\n\t\t\tLeer m\u00e1s \u00bb\t\t<\/a>\n\n\t\t\t\t<\/div>\n\t\t\t\t<div class=\"elementor-post__meta-data\">\n\t\t\t\t\t<span class=\"elementor-post-date\">\n\t\t\t23 junio, 2021\t\t<\/span>\n\t\t\t\t<span class=\"elementor-post-avatar\">\n\t\t\tNo hay comentarios\t\t<\/span>\n\t\t\t\t<\/div>\n\t\t\t\t\t<\/div>\n\t\t<\/article>\n\t\t\t\t<article class=\"elementor-post elementor-grid-item post-2135 post type-post status-publish format-standard has-post-thumbnail hentry category-noticias category-noticiasmine\">\n\t\t\t<div class=\"elementor-post__card\">\n\t\t\t\t<a class=\"elementor-post__thumbnail__link\" href=\"https:\/\/sindicato1chuqui.cl\/maqueta\/2021\/06\/23\/alcaldes-electos-piden-un-mayor-aporte-de-la-mineria-y-abordan-discusion-del-royalty\/\" tabindex=\"-1\" ><div class=\"elementor-post__thumbnail\"><img fetchpriority=\"high\" decoding=\"async\" width=\"280\" height=\"280\" src=\"https:\/\/sindicato1chuqui.cl\/maqueta\/wp-content\/uploads\/2020\/10\/ripio1-280x280.jpg\" class=\"attachment-thumbnail size-thumbnail wp-image-1700\" alt=\"\" srcset=\"https:\/\/sindicato1chuqui.cl\/maqueta\/wp-content\/uploads\/2020\/10\/ripio1-280x280.jpg 280w, https:\/\/sindicato1chuqui.cl\/maqueta\/wp-content\/uploads\/2020\/10\/ripio1-300x300.jpg 300w, https:\/\/sindicato1chuqui.cl\/maqueta\/wp-content\/uploads\/2020\/10\/ripio1-100x100.jpg 100w\" sizes=\"(max-width: 280px) 100vw, 280px\" \/><\/div><\/a>\n\t\t\t\t<div class=\"elementor-post__badge\">Noticias<\/div>\n\t\t\t\t<div class=\"elementor-post__avatar\">\n\t\t\t<img alt='Max Godoy' src='https:\/\/secure.gravatar.com\/avatar\/c9baafe77c1d55e738d7574c8d101e7322b090361e8ec29200d3937beb8a995e?s=128&#038;d=mm&#038;r=g' srcset='https:\/\/secure.gravatar.com\/avatar\/c9baafe77c1d55e738d7574c8d101e7322b090361e8ec29200d3937beb8a995e?s=256&#038;d=mm&#038;r=g 2x' class='avatar avatar-128 photo' height='128' width='128' \/>\t\t<\/div>\n\t\t\t\t<div class=\"elementor-post__text\">\n\t\t\t\t<h1 class=\"elementor-post__title\">\n\t\t\t<a href=\"https:\/\/sindicato1chuqui.cl\/maqueta\/2021\/06\/23\/alcaldes-electos-piden-un-mayor-aporte-de-la-mineria-y-abordan-discusion-del-royalty\/\" >\n\t\t\t\tAlcaldes electos piden un mayor aporte de la mineria y abordan discusi\u00f3n del royalty\t\t\t<\/a>\n\t\t<\/h1>\n\t\t\t\t<div class=\"elementor-post__excerpt\">\n\t\t\t<p>Este 28 de junio asumir\u00e1n los alcaldes electos, autoridades que en el caso de las comunas del norte del pa\u00eds tienen diversos desaf\u00edos entre los<\/p>\n\t\t<\/div>\n\t\t\n\t\t<a class=\"elementor-post__read-more\" href=\"https:\/\/sindicato1chuqui.cl\/maqueta\/2021\/06\/23\/alcaldes-electos-piden-un-mayor-aporte-de-la-mineria-y-abordan-discusion-del-royalty\/\" aria-label=\"Read more about Alcaldes electos piden un mayor aporte de la mineria y abordan discusi\u00f3n del royalty\" tabindex=\"-1\" >\n\t\t\tLeer m\u00e1s \u00bb\t\t<\/a>\n\n\t\t\t\t<\/div>\n\t\t\t\t<div class=\"elementor-post__meta-data\">\n\t\t\t\t\t<span class=\"elementor-post-date\">\n\t\t\t23 junio, 2021\t\t<\/span>\n\t\t\t\t<span class=\"elementor-post-avatar\">\n\t\t\tNo hay comentarios\t\t<\/span>\n\t\t\t\t<\/div>\n\t\t\t\t\t<\/div>\n\t\t<\/article>\n\t\t\t\t<article class=\"elementor-post elementor-grid-item post-2066 post type-post status-publish format-standard has-post-thumbnail hentry category-noticias category-noticiasmine\">\n\t\t\t<div class=\"elementor-post__card\">\n\t\t\t\t<a class=\"elementor-post__thumbnail__link\" href=\"https:\/\/sindicato1chuqui.cl\/maqueta\/2021\/04\/27\/inversion-de-us1-300-millones-en-dos-proyectos-clave-en-distrito-norte-de-codelco\/\" tabindex=\"-1\" ><div class=\"elementor-post__thumbnail\"><img decoding=\"async\" width=\"280\" height=\"280\" src=\"https:\/\/sindicato1chuqui.cl\/maqueta\/wp-content\/uploads\/2021\/04\/file_20210414113321-280x280.jpg\" class=\"attachment-thumbnail size-thumbnail wp-image-2067\" alt=\"\" srcset=\"https:\/\/sindicato1chuqui.cl\/maqueta\/wp-content\/uploads\/2021\/04\/file_20210414113321-280x280.jpg 280w, https:\/\/sindicato1chuqui.cl\/maqueta\/wp-content\/uploads\/2021\/04\/file_20210414113321-300x300.jpg 300w, https:\/\/sindicato1chuqui.cl\/maqueta\/wp-content\/uploads\/2021\/04\/file_20210414113321-100x100.jpg 100w\" sizes=\"(max-width: 280px) 100vw, 280px\" \/><\/div><\/a>\n\t\t\t\t<div class=\"elementor-post__badge\">Noticias<\/div>\n\t\t\t\t<div class=\"elementor-post__avatar\">\n\t\t\t<img alt='Max Godoy' src='https:\/\/secure.gravatar.com\/avatar\/c9baafe77c1d55e738d7574c8d101e7322b090361e8ec29200d3937beb8a995e?s=128&#038;d=mm&#038;r=g' srcset='https:\/\/secure.gravatar.com\/avatar\/c9baafe77c1d55e738d7574c8d101e7322b090361e8ec29200d3937beb8a995e?s=256&#038;d=mm&#038;r=g 2x' class='avatar avatar-128 photo' height='128' width='128' \/>\t\t<\/div>\n\t\t\t\t<div class=\"elementor-post__text\">\n\t\t\t\t<h1 class=\"elementor-post__title\">\n\t\t\t<a href=\"https:\/\/sindicato1chuqui.cl\/maqueta\/2021\/04\/27\/inversion-de-us1-300-millones-en-dos-proyectos-clave-en-distrito-norte-de-codelco\/\" >\n\t\t\t\tInversi\u00f3n de US$1.300 millones en dos proyectos clave en Distrito Norte de Codelco\t\t\t<\/a>\n\t\t<\/h1>\n\t\t\t\t<div class=\"elementor-post__excerpt\">\n\t\t\t<p>El Distrito Norte de Codelco lleva adelante dos proyectos clave para la continuidad productiva de las divisiones Radomiro Tomic y Gabriela Mistral. Se trata de<\/p>\n\t\t<\/div>\n\t\t\n\t\t<a class=\"elementor-post__read-more\" href=\"https:\/\/sindicato1chuqui.cl\/maqueta\/2021\/04\/27\/inversion-de-us1-300-millones-en-dos-proyectos-clave-en-distrito-norte-de-codelco\/\" aria-label=\"Read more about Inversi\u00f3n de US$1.300 millones en dos proyectos clave en Distrito Norte de Codelco\" tabindex=\"-1\" >\n\t\t\tLeer m\u00e1s \u00bb\t\t<\/a>\n\n\t\t\t\t<\/div>\n\t\t\t\t<div class=\"elementor-post__meta-data\">\n\t\t\t\t\t<span class=\"elementor-post-date\">\n\t\t\t27 abril, 2021\t\t<\/span>\n\t\t\t\t<span class=\"elementor-post-avatar\">\n\t\t\tNo hay comentarios\t\t<\/span>\n\t\t\t\t<\/div>\n\t\t\t\t\t<\/div>\n\t\t<\/article>\n\t\t\t\t<article class=\"elementor-post elementor-grid-item post-2063 post type-post status-publish format-standard has-post-thumbnail hentry category-noticias category-noticiasmine\">\n\t\t\t<div class=\"elementor-post__card\">\n\t\t\t\t<a class=\"elementor-post__thumbnail__link\" href=\"https:\/\/sindicato1chuqui.cl\/maqueta\/2021\/04\/27\/mas-de-40-organizaciones-sociales-de-calama-exigen-que-ministro-de-mineria-firme-plan-de-descontaminacion-atmosferica-pda\/\" tabindex=\"-1\" ><div class=\"elementor-post__thumbnail\"><img loading=\"lazy\" decoding=\"async\" width=\"280\" height=\"280\" src=\"https:\/\/sindicato1chuqui.cl\/maqueta\/wp-content\/uploads\/2021\/04\/calama-280x280.jpg\" class=\"attachment-thumbnail size-thumbnail wp-image-2064\" alt=\"\" srcset=\"https:\/\/sindicato1chuqui.cl\/maqueta\/wp-content\/uploads\/2021\/04\/calama-280x280.jpg 280w, https:\/\/sindicato1chuqui.cl\/maqueta\/wp-content\/uploads\/2021\/04\/calama-300x300.jpg 300w, https:\/\/sindicato1chuqui.cl\/maqueta\/wp-content\/uploads\/2021\/04\/calama-100x100.jpg 100w\" sizes=\"(max-width: 280px) 100vw, 280px\" \/><\/div><\/a>\n\t\t\t\t<div class=\"elementor-post__badge\">Noticias<\/div>\n\t\t\t\t<div class=\"elementor-post__avatar\">\n\t\t\t<img alt='Max Godoy' src='https:\/\/secure.gravatar.com\/avatar\/c9baafe77c1d55e738d7574c8d101e7322b090361e8ec29200d3937beb8a995e?s=128&#038;d=mm&#038;r=g' srcset='https:\/\/secure.gravatar.com\/avatar\/c9baafe77c1d55e738d7574c8d101e7322b090361e8ec29200d3937beb8a995e?s=256&#038;d=mm&#038;r=g 2x' class='avatar avatar-128 photo' height='128' width='128' \/>\t\t<\/div>\n\t\t\t\t<div class=\"elementor-post__text\">\n\t\t\t\t<h1 class=\"elementor-post__title\">\n\t\t\t<a href=\"https:\/\/sindicato1chuqui.cl\/maqueta\/2021\/04\/27\/mas-de-40-organizaciones-sociales-de-calama-exigen-que-ministro-de-mineria-firme-plan-de-descontaminacion-atmosferica-pda\/\" >\n\t\t\t\tM\u00e1s de 40 organizaciones sociales de Calama exigen que ministro de Miner\u00eda firme Plan de Descontaminaci\u00f3n Atmosf\u00e9rica (PDA)\t\t\t<\/a>\n\t\t<\/h1>\n\t\t\t\t<div class=\"elementor-post__excerpt\">\n\t\t\t<p>Un malestar com\u00fan es el de que dejan de manifiesto m\u00e1s de 40 agrupaciones de la comuna de Calama, que atienden al llamado de la<\/p>\n\t\t<\/div>\n\t\t\n\t\t<a class=\"elementor-post__read-more\" href=\"https:\/\/sindicato1chuqui.cl\/maqueta\/2021\/04\/27\/mas-de-40-organizaciones-sociales-de-calama-exigen-que-ministro-de-mineria-firme-plan-de-descontaminacion-atmosferica-pda\/\" aria-label=\"Read more about M\u00e1s de 40 organizaciones sociales de Calama exigen que ministro de Miner\u00eda firme Plan de Descontaminaci\u00f3n Atmosf\u00e9rica (PDA)\" tabindex=\"-1\" >\n\t\t\tLeer m\u00e1s \u00bb\t\t<\/a>\n\n\t\t\t\t<\/div>\n\t\t\t\t<div class=\"elementor-post__meta-data\">\n\t\t\t\t\t<span class=\"elementor-post-date\">\n\t\t\t27 abril, 2021\t\t<\/span>\n\t\t\t\t<span class=\"elementor-post-avatar\">\n\t\t\tNo hay comentarios\t\t<\/span>\n\t\t\t\t<\/div>\n\t\t\t\t\t<\/div>\n\t\t<\/article>\n\t\t\t\t<article class=\"elementor-post elementor-grid-item post-8552 post type-post status-publish format-standard has-post-thumbnail hentry category-noticias category-noticiasmine\">\n\t\t\t<div class=\"elementor-post__card\">\n\t\t\t\t<a class=\"elementor-post__thumbnail__link\" href=\"https:\/\/sindicato1chuqui.cl\/maqueta\/2020\/11\/23\/se-agudiza-crisis-en-la-ftc-renuncia-uno-de-los-candidatos-a-director-de-codelco\/\" tabindex=\"-1\" ><div class=\"elementor-post__thumbnail\"><img loading=\"lazy\" decoding=\"async\" width=\"280\" height=\"200\" src=\"https:\/\/sindicato1chuqui.cl\/maqueta\/wp-content\/uploads\/2020\/11\/1-26-300x200-1-280x200.jpg\" class=\"attachment-thumbnail size-thumbnail wp-image-1820\" alt=\"\" \/><\/div><\/a>\n\t\t\t\t<div class=\"elementor-post__badge\">Noticias<\/div>\n\t\t\t\t<div class=\"elementor-post__avatar\">\n\t\t\t<img alt='Max Godoy' src='https:\/\/secure.gravatar.com\/avatar\/c9baafe77c1d55e738d7574c8d101e7322b090361e8ec29200d3937beb8a995e?s=128&#038;d=mm&#038;r=g' srcset='https:\/\/secure.gravatar.com\/avatar\/c9baafe77c1d55e738d7574c8d101e7322b090361e8ec29200d3937beb8a995e?s=256&#038;d=mm&#038;r=g 2x' class='avatar avatar-128 photo' height='128' width='128' \/>\t\t<\/div>\n\t\t\t\t<div class=\"elementor-post__text\">\n\t\t\t\t<h1 class=\"elementor-post__title\">\n\t\t\t<a href=\"https:\/\/sindicato1chuqui.cl\/maqueta\/2020\/11\/23\/se-agudiza-crisis-en-la-ftc-renuncia-uno-de-los-candidatos-a-director-de-codelco\/\" >\n\t\t\t\tSe agudiza crisis en la FTC: renuncia uno de los candidatos a director de Codelco\t\t\t<\/a>\n\t\t<\/h1>\n\t\t\t\t<div class=\"elementor-post__excerpt\">\n\t\t\t<p>El conflicto por la pol\u00e9mica quina que busca definir el representante de los trabajadores en el directorio de Codelco, y que desde mayo permanece vacante,<\/p>\n\t\t<\/div>\n\t\t\n\t\t<a class=\"elementor-post__read-more\" href=\"https:\/\/sindicato1chuqui.cl\/maqueta\/2020\/11\/23\/se-agudiza-crisis-en-la-ftc-renuncia-uno-de-los-candidatos-a-director-de-codelco\/\" aria-label=\"Read more about Se agudiza crisis en la FTC: renuncia uno de los candidatos a director de Codelco\" tabindex=\"-1\" >\n\t\t\tLeer m\u00e1s \u00bb\t\t<\/a>\n\n\t\t\t\t<\/div>\n\t\t\t\t<div class=\"elementor-post__meta-data\">\n\t\t\t\t\t<span class=\"elementor-post-date\">\n\t\t\t23 noviembre, 2020\t\t<\/span>\n\t\t\t\t<span class=\"elementor-post-avatar\">\n\t\t\tNo hay comentarios\t\t<\/span>\n\t\t\t\t<\/div>\n\t\t\t\t\t<\/div>\n\t\t<\/article>\n\t\t\t\t<article class=\"elementor-post elementor-grid-item post-8551 post type-post status-publish format-standard has-post-thumbnail hentry category-noticias category-noticiasmine\">\n\t\t\t<div class=\"elementor-post__card\">\n\t\t\t\t<a class=\"elementor-post__thumbnail__link\" href=\"https:\/\/sindicato1chuqui.cl\/maqueta\/2020\/11\/23\/codelco-en-la-mira-de-la-justicia\/\" tabindex=\"-1\" ><div class=\"elementor-post__thumbnail\"><img loading=\"lazy\" decoding=\"async\" width=\"280\" height=\"280\" src=\"https:\/\/sindicato1chuqui.cl\/maqueta\/wp-content\/uploads\/2020\/11\/Salvador-620x403-1-280x280.jpg\" class=\"attachment-thumbnail size-thumbnail wp-image-8512\" alt=\"\" srcset=\"https:\/\/sindicato1chuqui.cl\/maqueta\/wp-content\/uploads\/2020\/11\/Salvador-620x403-1-280x280.jpg 280w, https:\/\/sindicato1chuqui.cl\/maqueta\/wp-content\/uploads\/2020\/11\/Salvador-620x403-1-300x300.jpg 300w, https:\/\/sindicato1chuqui.cl\/maqueta\/wp-content\/uploads\/2020\/11\/Salvador-620x403-1-100x100.jpg 100w\" sizes=\"(max-width: 280px) 100vw, 280px\" \/><\/div><\/a>\n\t\t\t\t<div class=\"elementor-post__badge\">Noticias<\/div>\n\t\t\t\t<div class=\"elementor-post__avatar\">\n\t\t\t<img alt='Max Godoy' src='https:\/\/secure.gravatar.com\/avatar\/c9baafe77c1d55e738d7574c8d101e7322b090361e8ec29200d3937beb8a995e?s=128&#038;d=mm&#038;r=g' srcset='https:\/\/secure.gravatar.com\/avatar\/c9baafe77c1d55e738d7574c8d101e7322b090361e8ec29200d3937beb8a995e?s=256&#038;d=mm&#038;r=g 2x' class='avatar avatar-128 photo' height='128' width='128' \/>\t\t<\/div>\n\t\t\t\t<div class=\"elementor-post__text\">\n\t\t\t\t<h1 class=\"elementor-post__title\">\n\t\t\t<a href=\"https:\/\/sindicato1chuqui.cl\/maqueta\/2020\/11\/23\/codelco-en-la-mira-de-la-justicia\/\" >\n\t\t\t\tCodelco en la mira de la justicia\t\t\t<\/a>\n\t\t<\/h1>\n\t\t\t\t<div class=\"elementor-post__excerpt\">\n\t\t\t<p>(Pulso)\u00a0La divisi\u00f3n Salvador de Codelco sigue estando en la mira de Cochilco y tambi\u00e9n del Ministerio P\u00fablico. A inicios de noviembre, la Comisi\u00f3n Chilena del<\/p>\n\t\t<\/div>\n\t\t\n\t\t<a class=\"elementor-post__read-more\" href=\"https:\/\/sindicato1chuqui.cl\/maqueta\/2020\/11\/23\/codelco-en-la-mira-de-la-justicia\/\" aria-label=\"Read more about Codelco en la mira de la justicia\" tabindex=\"-1\" >\n\t\t\tLeer m\u00e1s \u00bb\t\t<\/a>\n\n\t\t\t\t<\/div>\n\t\t\t\t<div class=\"elementor-post__meta-data\">\n\t\t\t\t\t<span class=\"elementor-post-date\">\n\t\t\t23 noviembre, 2020\t\t<\/span>\n\t\t\t\t<span class=\"elementor-post-avatar\">\n\t\t\tNo hay comentarios\t\t<\/span>\n\t\t\t\t<\/div>\n\t\t\t\t\t<\/div>\n\t\t<\/article>\n\t\t\t\t<\/div>\n\t\t\n\t\t\t\t<div class=\"e-load-more-anchor\" data-page=\"1\" data-max-page=\"5\" data-next-page=\"https:\/\/sindicato1chuqui.cl\/maqueta\/wp-json\/wp\/v2\/pages\/9251\/page\/2\/\"><\/div>\n\t\t\t\t<nav class=\"elementor-pagination\" aria-label=\"Pagination\">\n\t\t\t<span class=\"page-numbers prev\">&laquo; Anterior<\/span>\n<span aria-current=\"page\" class=\"page-numbers current\"><span class=\"elementor-screen-only\">Page<\/span>1<\/span>\n<a class=\"page-numbers\" href=\"https:\/\/sindicato1chuqui.cl\/maqueta\/wp-json\/wp\/v2\/pages\/9251\/page\/2\/\"><span class=\"elementor-screen-only\">Page<\/span>2<\/a>\n<a class=\"page-numbers\" href=\"https:\/\/sindicato1chuqui.cl\/maqueta\/wp-json\/wp\/v2\/pages\/9251\/page\/3\/\"><span class=\"elementor-screen-only\">Page<\/span>3<\/a>\n<a class=\"page-numbers\" href=\"https:\/\/sindicato1chuqui.cl\/maqueta\/wp-json\/wp\/v2\/pages\/9251\/page\/4\/\"><span class=\"elementor-screen-only\">Page<\/span>4<\/a>\n<a class=\"page-numbers\" href=\"https:\/\/sindicato1chuqui.cl\/maqueta\/wp-json\/wp\/v2\/pages\/9251\/page\/5\/\"><span class=\"elementor-screen-only\">Page<\/span>5<\/a>\n<a class=\"page-numbers next\" href=\"https:\/\/sindicato1chuqui.cl\/maqueta\/wp-json\/wp\/v2\/pages\/9251\/page\/2\/\">Siguiente &raquo;<\/a>\t\t<\/nav>\n\t\t\t\t\t\t<\/div>\n\t\t\t\t<\/div>\n\t\t\t\t\t<\/div>\n\t\t<\/div>\n\t\t\t\t\t<\/div>\n\t\t<\/section>\n\t\t\t\t<section class=\"elementor-section elementor-top-section elementor-element elementor-element-22b487a elementor-section-boxed elementor-section-height-default elementor-section-height-default\" data-id=\"22b487a\" data-element_type=\"section\">\n\t\t\t\t\t\t<div class=\"elementor-container elementor-column-gap-default\">\n\t\t\t\t\t<div class=\"elementor-column elementor-col-100 elementor-top-column elementor-element elementor-element-2cd479a\" data-id=\"2cd479a\" data-element_type=\"column\">\n\t\t\t<div class=\"elementor-widget-wrap elementor-element-populated\">\n\t\t\t\t\t\t<div class=\"elementor-element elementor-element-e0b5aab elementor-widget elementor-widget-spacer\" data-id=\"e0b5aab\" data-element_type=\"widget\" data-widget_type=\"spacer.default\">\n\t\t\t\t<div class=\"elementor-widget-container\">\n\t\t\t\t\t\t\t<div class=\"elementor-spacer\">\n\t\t\t<div class=\"elementor-spacer-inner\"><\/div>\n\t\t<\/div>\n\t\t\t\t\t\t<\/div>\n\t\t\t\t<\/div>\n\t\t\t\t\t<\/div>\n\t\t<\/div>\n\t\t\t\t\t<\/div>\n\t\t<\/section>\n\t\t\t\t<section class=\"elementor-section elementor-top-section elementor-element elementor-element-54e6401 elementor-section-boxed elementor-section-height-default elementor-section-height-default\" data-id=\"54e6401\" data-element_type=\"section\">\n\t\t\t\t\t\t<div class=\"elementor-container elementor-column-gap-default\">\n\t\t\t\t\t<div class=\"elementor-column elementor-col-100 elementor-top-column elementor-element elementor-element-50b34bb\" data-id=\"50b34bb\" data-element_type=\"column\">\n\t\t\t<div class=\"elementor-widget-wrap\">\n\t\t\t\t\t\t\t<\/div>\n\t\t<\/div>\n\t\t\t\t\t<\/div>\n\t\t<\/section>\n\t\t\t\t<section class=\"elementor-section elementor-top-section elementor-element elementor-element-e0b5421 elementor-section-boxed elementor-section-height-default elementor-section-height-default\" data-id=\"e0b5421\" data-element_type=\"section\">\n\t\t\t\t\t\t<div class=\"elementor-container elementor-column-gap-default\">\n\t\t\t\t\t<div class=\"elementor-column elementor-col-100 elementor-top-column elementor-element elementor-element-995efac\" data-id=\"995efac\" data-element_type=\"column\">\n\t\t\t<div class=\"elementor-widget-wrap elementor-element-populated\">\n\t\t\t\t\t\t<div class=\"elementor-element elementor-element-0588e01 elementor-widget elementor-widget-spacer\" data-id=\"0588e01\" data-element_type=\"widget\" data-widget_type=\"spacer.default\">\n\t\t\t\t<div class=\"elementor-widget-container\">\n\t\t\t\t\t\t\t<div class=\"elementor-spacer\">\n\t\t\t<div class=\"elementor-spacer-inner\"><\/div>\n\t\t<\/div>\n\t\t\t\t\t\t<\/div>\n\t\t\t\t<\/div>\n\t\t\t\t\t<\/div>\n\t\t<\/div>\n\t\t\t\t\t<\/div>\n\t\t<\/section>\n\t\t\t\t<\/div>\n\t\t","protected":false},"excerpt":{"rendered":"","protected":false},"author":3,"featured_media":0,"parent":0,"menu_order":0,"comment_status":"closed","ping_status":"closed","template":"","meta":{"footnotes":""},"class_list":["post-9251","page","type-page","status-publish","hentry"],"_links":{"self":[{"href":"https:\/\/sindicato1chuqui.cl\/maqueta\/wp-json\/wp\/v2\/pages\/9251","targetHints":{"allow":["GET"]}}],"collection":[{"href":"https:\/\/sindicato1chuqui.cl\/maqueta\/wp-json\/wp\/v2\/pages"}],"about":[{"href":"https:\/\/sindicato1chuqui.cl\/maqueta\/wp-json\/wp\/v2\/types\/page"}],"author":[{"embeddable":true,"href":"https:\/\/sindicato1chuqui.cl\/maqueta\/wp-json\/wp\/v2\/users\/3"}],"replies":[{"embeddable":true,"href":"https:\/\/sindicato1chuqui.cl\/maqueta\/wp-json\/wp\/v2\/comments?post=9251"}],"version-history":[{"count":31,"href":"https:\/\/sindicato1chuqui.cl\/maqueta\/wp-json\/wp\/v2\/pages\/9251\/revisions"}],"predecessor-version":[{"id":9645,"href":"https:\/\/sindicato1chuqui.cl\/maqueta\/wp-json\/wp\/v2\/pages\/9251\/revisions\/9645"}],"wp:attachment":[{"href":"https:\/\/sindicato1chuqui.cl\/maqueta\/wp-json\/wp\/v2\/media?parent=9251"}],"curies":[{"name":"wp","href":"https:\/\/api.w.org\/{rel}","templated":true}]}}