{"id":9236,"date":"2021-10-22T04:16:50","date_gmt":"2021-10-22T04:16:50","guid":{"rendered":"https:\/\/sindicato1chuqui.cl\/maqueta\/?page_id=9236"},"modified":"2022-02-19T06:51:53","modified_gmt":"2022-02-19T06:51:53","slug":"sindicatonews","status":"publish","type":"page","link":"https:\/\/sindicato1chuqui.cl\/maqueta\/sindicatonews\/","title":{"rendered":"sindicatonews"},"content":{"rendered":"\t\t<div data-elementor-type=\"wp-page\" data-elementor-id=\"9236\" class=\"elementor elementor-9236\" data-elementor-post-type=\"page\">\n\t\t\t\t\t\t<section class=\"elementor-section elementor-top-section elementor-element elementor-element-bcb9e5c elementor-section-boxed elementor-section-height-default elementor-section-height-default\" data-id=\"bcb9e5c\" data-element_type=\"section\">\n\t\t\t\t\t\t<div class=\"elementor-container elementor-column-gap-default\">\n\t\t\t\t\t<div class=\"elementor-column elementor-col-100 elementor-top-column elementor-element elementor-element-cf083bc\" data-id=\"cf083bc\" data-element_type=\"column\">\n\t\t\t<div class=\"elementor-widget-wrap elementor-element-populated\">\n\t\t\t\t\t\t<div class=\"elementor-element elementor-element-4575dbb elementor-widget-divider--view-line elementor-widget elementor-widget-divider\" data-id=\"4575dbb\" data-element_type=\"widget\" data-widget_type=\"divider.default\">\n\t\t\t\t<div class=\"elementor-widget-container\">\n\t\t\t\t\t\t\t<div class=\"elementor-divider\">\n\t\t\t<span class=\"elementor-divider-separator\">\n\t\t\t\t\t\t<\/span>\n\t\t<\/div>\n\t\t\t\t\t\t<\/div>\n\t\t\t\t<\/div>\n\t\t\t\t\t<\/div>\n\t\t<\/div>\n\t\t\t\t\t<\/div>\n\t\t<\/section>\n\t\t\t\t<section class=\"elementor-section elementor-top-section elementor-element elementor-element-d91472b elementor-section-boxed elementor-section-height-default elementor-section-height-default\" data-id=\"d91472b\" data-element_type=\"section\">\n\t\t\t\t\t\t<div class=\"elementor-container elementor-column-gap-default\">\n\t\t\t\t\t<div class=\"elementor-column elementor-col-20 elementor-top-column elementor-element elementor-element-06aad63\" data-id=\"06aad63\" data-element_type=\"column\">\n\t\t\t<div class=\"elementor-widget-wrap\">\n\t\t\t\t\t\t\t<\/div>\n\t\t<\/div>\n\t\t\t\t<div class=\"elementor-column elementor-col-20 elementor-top-column elementor-element elementor-element-e17d447\" data-id=\"e17d447\" data-element_type=\"column\">\n\t\t\t<div class=\"elementor-widget-wrap\">\n\t\t\t\t\t\t\t<\/div>\n\t\t<\/div>\n\t\t\t\t<div class=\"elementor-column elementor-col-20 elementor-top-column elementor-element elementor-element-68aad20\" data-id=\"68aad20\" data-element_type=\"column\">\n\t\t\t<div class=\"elementor-widget-wrap\">\n\t\t\t\t\t\t\t<\/div>\n\t\t<\/div>\n\t\t\t\t<div class=\"elementor-column elementor-col-20 elementor-top-column elementor-element elementor-element-c8bb1bc\" data-id=\"c8bb1bc\" data-element_type=\"column\">\n\t\t\t<div class=\"elementor-widget-wrap\">\n\t\t\t\t\t\t\t<\/div>\n\t\t<\/div>\n\t\t\t\t<div class=\"elementor-column elementor-col-20 elementor-top-column elementor-element elementor-element-fcfc9e8\" data-id=\"fcfc9e8\" data-element_type=\"column\">\n\t\t\t<div class=\"elementor-widget-wrap\">\n\t\t\t\t\t\t\t<\/div>\n\t\t<\/div>\n\t\t\t\t\t<\/div>\n\t\t<\/section>\n\t\t\t\t<section class=\"elementor-section elementor-top-section elementor-element elementor-element-89fdf74 elementor-section-boxed elementor-section-height-default elementor-section-height-default\" data-id=\"89fdf74\" data-element_type=\"section\">\n\t\t\t\t\t\t<div class=\"elementor-container elementor-column-gap-default\">\n\t\t\t\t\t<div class=\"elementor-column elementor-col-100 elementor-top-column elementor-element elementor-element-76a6482\" data-id=\"76a6482\" data-element_type=\"column\">\n\t\t\t<div class=\"elementor-widget-wrap elementor-element-populated\">\n\t\t\t\t\t\t\t<\/div>\n\t\t<\/div>\n\t\t\t\t\t<\/div>\n\t\t<\/section>\n\t\t\t\t<section class=\"elementor-section elementor-top-section elementor-element elementor-element-8d01d79 elementor-section-boxed elementor-section-height-default elementor-section-height-default\" data-id=\"8d01d79\" data-element_type=\"section\">\n\t\t\t\t\t\t<div class=\"elementor-container elementor-column-gap-default\">\n\t\t\t\t\t<div class=\"elementor-column elementor-col-100 elementor-top-column elementor-element elementor-element-9e10855\" data-id=\"9e10855\" data-element_type=\"column\">\n\t\t\t<div class=\"elementor-widget-wrap elementor-element-populated\">\n\t\t\t\t\t\t<div class=\"elementor-element elementor-element-1868721 elementor-grid-3 elementor-grid-tablet-2 elementor-grid-mobile-1 elementor-posts--thumbnail-top elementor-posts--show-avatar elementor-card-shadow-yes elementor-posts__hover-gradient elementor-widget elementor-widget-posts\" data-id=\"1868721\" data-element_type=\"widget\" data-settings=\"{&quot;pagination_type&quot;:&quot;numbers_and_prev_next&quot;,&quot;cards_columns&quot;:&quot;3&quot;,&quot;cards_columns_tablet&quot;:&quot;2&quot;,&quot;cards_columns_mobile&quot;:&quot;1&quot;,&quot;cards_row_gap&quot;:{&quot;unit&quot;:&quot;px&quot;,&quot;size&quot;:35,&quot;sizes&quot;:[]},&quot;cards_row_gap_tablet&quot;:{&quot;unit&quot;:&quot;px&quot;,&quot;size&quot;:&quot;&quot;,&quot;sizes&quot;:[]},&quot;cards_row_gap_mobile&quot;:{&quot;unit&quot;:&quot;px&quot;,&quot;size&quot;:&quot;&quot;,&quot;sizes&quot;:[]}}\" data-widget_type=\"posts.cards\">\n\t\t\t\t<div class=\"elementor-widget-container\">\n\t\t\t\t\t\t\t<div class=\"elementor-posts-container elementor-posts elementor-posts--skin-cards elementor-grid\">\n\t\t\t\t<article class=\"elementor-post elementor-grid-item post-11454 post type-post status-publish format-standard has-post-thumbnail hentry category-noticias category-noticiassindi\">\n\t\t\t<div class=\"elementor-post__card\">\n\t\t\t\t<a class=\"elementor-post__thumbnail__link\" href=\"https:\/\/sindicato1chuqui.cl\/maqueta\/2026\/04\/28\/congreso-76-de-la-ftc-resuelve-reafirmar-el-caracter-100-estatal-de-las-actuales-divisiones-de-codelco\/\" tabindex=\"-1\" ><div class=\"elementor-post__thumbnail\"><img fetchpriority=\"high\" decoding=\"async\" width=\"280\" height=\"280\" src=\"https:\/\/sindicato1chuqui.cl\/maqueta\/wp-content\/uploads\/2026\/04\/DSC01387-960x539-1-280x280.jpg\" class=\"attachment-thumbnail size-thumbnail wp-image-11455\" alt=\"\" \/><\/div><\/a>\n\t\t\t\t<div class=\"elementor-post__badge\">Noticias<\/div>\n\t\t\t\t<div class=\"elementor-post__avatar\">\n\t\t\t<img alt='Jorge Noriega' src='https:\/\/secure.gravatar.com\/avatar\/f92b7464eefde6cc970503f9f80afb6ea4f829c8084b49697720200f447fc53a?s=128&#038;d=mm&#038;r=g' srcset='https:\/\/secure.gravatar.com\/avatar\/f92b7464eefde6cc970503f9f80afb6ea4f829c8084b49697720200f447fc53a?s=256&#038;d=mm&#038;r=g 2x' class='avatar avatar-128 photo' height='128' width='128' \/>\t\t<\/div>\n\t\t\t\t<div class=\"elementor-post__text\">\n\t\t\t\t<h1 class=\"elementor-post__title\">\n\t\t\t<a href=\"https:\/\/sindicato1chuqui.cl\/maqueta\/2026\/04\/28\/congreso-76-de-la-ftc-resuelve-reafirmar-el-caracter-100-estatal-de-las-actuales-divisiones-de-codelco\/\" >\n\t\t\t\tCongreso 76 de la FTC resuelve reafirmar el car\u00e1cter 100% estatal de las actuales divisiones de Codelco.\t\t\t<\/a>\n\t\t<\/h1>\n\t\t\t\t<div class=\"elementor-post__excerpt\">\n\t\t\t<p>Con acuerdos orientados a robustecer las propuestas y estrategias sindicales para enfrentar los desaf\u00edos de Codelco en su rol de empresa del Estado, en \u00e1mbitos<\/p>\n\t\t<\/div>\n\t\t\n\t\t<a class=\"elementor-post__read-more\" href=\"https:\/\/sindicato1chuqui.cl\/maqueta\/2026\/04\/28\/congreso-76-de-la-ftc-resuelve-reafirmar-el-caracter-100-estatal-de-las-actuales-divisiones-de-codelco\/\" aria-label=\"Read more about Congreso 76 de la FTC resuelve reafirmar el car\u00e1cter 100% estatal de las actuales divisiones de Codelco.\" tabindex=\"-1\" >\n\t\t\tLeer m\u00e1s \u00bb\t\t<\/a>\n\n\t\t\t\t<\/div>\n\t\t\t\t<div class=\"elementor-post__meta-data\">\n\t\t\t\t\t<span class=\"elementor-post-date\">\n\t\t\t28 abril, 2026\t\t<\/span>\n\t\t\t\t<span class=\"elementor-post-avatar\">\n\t\t\tNo hay comentarios\t\t<\/span>\n\t\t\t\t<\/div>\n\t\t\t\t\t<\/div>\n\t\t<\/article>\n\t\t\t\t<article class=\"elementor-post elementor-grid-item post-11444 post type-post status-publish format-standard has-post-thumbnail hentry category-noticias category-noticiassindi\">\n\t\t\t<div class=\"elementor-post__card\">\n\t\t\t\t<a class=\"elementor-post__thumbnail__link\" href=\"https:\/\/sindicato1chuqui.cl\/maqueta\/2026\/04\/01\/sindicato-da-el-vamos-a-la-unidad-de-conciliacion-familiar-y-genero\/\" tabindex=\"-1\" ><div class=\"elementor-post__thumbnail\"><img decoding=\"async\" width=\"280\" height=\"280\" src=\"https:\/\/sindicato1chuqui.cl\/maqueta\/wp-content\/uploads\/2026\/04\/20260331_1810010-280x280.jpg\" class=\"attachment-thumbnail size-thumbnail wp-image-11445\" alt=\"\" \/><\/div><\/a>\n\t\t\t\t<div class=\"elementor-post__badge\">Noticias<\/div>\n\t\t\t\t<div class=\"elementor-post__avatar\">\n\t\t\t<img alt='Jorge Noriega' src='https:\/\/secure.gravatar.com\/avatar\/f92b7464eefde6cc970503f9f80afb6ea4f829c8084b49697720200f447fc53a?s=128&#038;d=mm&#038;r=g' srcset='https:\/\/secure.gravatar.com\/avatar\/f92b7464eefde6cc970503f9f80afb6ea4f829c8084b49697720200f447fc53a?s=256&#038;d=mm&#038;r=g 2x' class='avatar avatar-128 photo' height='128' width='128' \/>\t\t<\/div>\n\t\t\t\t<div class=\"elementor-post__text\">\n\t\t\t\t<h1 class=\"elementor-post__title\">\n\t\t\t<a href=\"https:\/\/sindicato1chuqui.cl\/maqueta\/2026\/04\/01\/sindicato-da-el-vamos-a-la-unidad-de-conciliacion-familiar-y-genero\/\" >\n\t\t\t\tSindicato da el vamos a la Unidad de Conciliaci\u00f3n Familiar y G\u00e9nero.\t\t\t<\/a>\n\t\t<\/h1>\n\t\t\t\t<div class=\"elementor-post__excerpt\">\n\t\t\t<p>Este Martes 31 de marzo, el Sindicato de Trabajadores N\u00b01 dio el vamos la creaci\u00f3n de la Unidad de Conciliaci\u00f3n Familiar y G\u00e9nero. Este hito<\/p>\n\t\t<\/div>\n\t\t\n\t\t<a class=\"elementor-post__read-more\" href=\"https:\/\/sindicato1chuqui.cl\/maqueta\/2026\/04\/01\/sindicato-da-el-vamos-a-la-unidad-de-conciliacion-familiar-y-genero\/\" aria-label=\"Read more about Sindicato da el vamos a la Unidad de Conciliaci\u00f3n Familiar y G\u00e9nero.\" tabindex=\"-1\" >\n\t\t\tLeer m\u00e1s \u00bb\t\t<\/a>\n\n\t\t\t\t<\/div>\n\t\t\t\t<div class=\"elementor-post__meta-data\">\n\t\t\t\t\t<span class=\"elementor-post-date\">\n\t\t\t1 abril, 2026\t\t<\/span>\n\t\t\t\t<span class=\"elementor-post-avatar\">\n\t\t\tNo hay comentarios\t\t<\/span>\n\t\t\t\t<\/div>\n\t\t\t\t\t<\/div>\n\t\t<\/article>\n\t\t\t\t<article class=\"elementor-post elementor-grid-item post-11441 post type-post status-publish format-standard has-post-thumbnail hentry category-noticias category-noticiassindi\">\n\t\t\t<div class=\"elementor-post__card\">\n\t\t\t\t<a class=\"elementor-post__thumbnail__link\" href=\"https:\/\/sindicato1chuqui.cl\/maqueta\/2026\/03\/24\/orgullo-sindical-omar-montano-alvarez-es-reconocido-por-su-invaluable-aporte-a-la-cultura-de-calama\/\" tabindex=\"-1\" ><div class=\"elementor-post__thumbnail\"><img decoding=\"async\" width=\"280\" height=\"280\" src=\"https:\/\/sindicato1chuqui.cl\/maqueta\/wp-content\/uploads\/2026\/03\/WhatsApp-Image-2026-03-24-at-06.18.59-280x280.jpeg\" class=\"attachment-thumbnail size-thumbnail wp-image-11442\" alt=\"\" \/><\/div><\/a>\n\t\t\t\t<div class=\"elementor-post__badge\">Noticias<\/div>\n\t\t\t\t<div class=\"elementor-post__avatar\">\n\t\t\t<img alt='Jorge Noriega' src='https:\/\/secure.gravatar.com\/avatar\/f92b7464eefde6cc970503f9f80afb6ea4f829c8084b49697720200f447fc53a?s=128&#038;d=mm&#038;r=g' srcset='https:\/\/secure.gravatar.com\/avatar\/f92b7464eefde6cc970503f9f80afb6ea4f829c8084b49697720200f447fc53a?s=256&#038;d=mm&#038;r=g 2x' class='avatar avatar-128 photo' height='128' width='128' \/>\t\t<\/div>\n\t\t\t\t<div class=\"elementor-post__text\">\n\t\t\t\t<h1 class=\"elementor-post__title\">\n\t\t\t<a href=\"https:\/\/sindicato1chuqui.cl\/maqueta\/2026\/03\/24\/orgullo-sindical-omar-montano-alvarez-es-reconocido-por-su-invaluable-aporte-a-la-cultura-de-calama\/\" >\n\t\t\t\tOrgullo sindical: Omar Monta\u00f1o \u00c1lvarez es reconocido por su invaluable aporte a la cultura de Calama\t\t\t<\/a>\n\t\t<\/h1>\n\t\t\t\t<div class=\"elementor-post__excerpt\">\n\t\t\t<p>Como Sindicato de Trabajadores N\u00b01 deseamos expresar nuestras m\u00e1s sinceras felicitaciones a nuestro socio Omar Monta\u00f1o \u00c1lvarez, quien fue distinguido con el reconocimiento al M\u00e9rito<\/p>\n\t\t<\/div>\n\t\t\n\t\t<a class=\"elementor-post__read-more\" href=\"https:\/\/sindicato1chuqui.cl\/maqueta\/2026\/03\/24\/orgullo-sindical-omar-montano-alvarez-es-reconocido-por-su-invaluable-aporte-a-la-cultura-de-calama\/\" aria-label=\"Read more about Orgullo sindical: Omar Monta\u00f1o \u00c1lvarez es reconocido por su invaluable aporte a la cultura de Calama\" tabindex=\"-1\" >\n\t\t\tLeer m\u00e1s \u00bb\t\t<\/a>\n\n\t\t\t\t<\/div>\n\t\t\t\t<div class=\"elementor-post__meta-data\">\n\t\t\t\t\t<span class=\"elementor-post-date\">\n\t\t\t24 marzo, 2026\t\t<\/span>\n\t\t\t\t<span class=\"elementor-post-avatar\">\n\t\t\tNo hay comentarios\t\t<\/span>\n\t\t\t\t<\/div>\n\t\t\t\t\t<\/div>\n\t\t<\/article>\n\t\t\t\t<article class=\"elementor-post elementor-grid-item post-11435 post type-post status-publish format-standard has-post-thumbnail hentry category-noticias category-noticiassindi\">\n\t\t\t<div class=\"elementor-post__card\">\n\t\t\t\t<a class=\"elementor-post__thumbnail__link\" href=\"https:\/\/sindicato1chuqui.cl\/maqueta\/2026\/03\/16\/sindicatos-de-chuquicamata-y-administracion-de-codelco-oficializan-reduccion-de-jornada-de-40-horas\/\" tabindex=\"-1\" ><div class=\"elementor-post__thumbnail\"><img loading=\"lazy\" decoding=\"async\" width=\"280\" height=\"280\" src=\"https:\/\/sindicato1chuqui.cl\/maqueta\/wp-content\/uploads\/2026\/03\/WhatsApp-Image-2026-03-11-at-11.16.37-1-280x280.jpeg\" class=\"attachment-thumbnail size-thumbnail wp-image-11437\" alt=\"\" \/><\/div><\/a>\n\t\t\t\t<div class=\"elementor-post__badge\">Noticias<\/div>\n\t\t\t\t<div class=\"elementor-post__avatar\">\n\t\t\t<img alt='Jorge Noriega' src='https:\/\/secure.gravatar.com\/avatar\/f92b7464eefde6cc970503f9f80afb6ea4f829c8084b49697720200f447fc53a?s=128&#038;d=mm&#038;r=g' srcset='https:\/\/secure.gravatar.com\/avatar\/f92b7464eefde6cc970503f9f80afb6ea4f829c8084b49697720200f447fc53a?s=256&#038;d=mm&#038;r=g 2x' class='avatar avatar-128 photo' height='128' width='128' \/>\t\t<\/div>\n\t\t\t\t<div class=\"elementor-post__text\">\n\t\t\t\t<h1 class=\"elementor-post__title\">\n\t\t\t<a href=\"https:\/\/sindicato1chuqui.cl\/maqueta\/2026\/03\/16\/sindicatos-de-chuquicamata-y-administracion-de-codelco-oficializan-reduccion-de-jornada-de-40-horas\/\" >\n\t\t\t\tSindicatos de Chuquicamata y Administraci\u00f3n de Codelco oficializan reducci\u00f3n de jornada de 40 horas.\t\t\t<\/a>\n\t\t<\/h1>\n\t\t\t\t<div class=\"elementor-post__excerpt\">\n\t\t\t<p>Este 11 de marzo de 2026, los sindicatos N\u00b01, N\u00b02, N\u00b05 y Minero de la Divisi\u00f3n formalizaron junto a la administraci\u00f3n de Codelco el acuerdo<\/p>\n\t\t<\/div>\n\t\t\n\t\t<a class=\"elementor-post__read-more\" href=\"https:\/\/sindicato1chuqui.cl\/maqueta\/2026\/03\/16\/sindicatos-de-chuquicamata-y-administracion-de-codelco-oficializan-reduccion-de-jornada-de-40-horas\/\" aria-label=\"Read more about Sindicatos de Chuquicamata y Administraci\u00f3n de Codelco oficializan reducci\u00f3n de jornada de 40 horas.\" tabindex=\"-1\" >\n\t\t\tLeer m\u00e1s \u00bb\t\t<\/a>\n\n\t\t\t\t<\/div>\n\t\t\t\t<div class=\"elementor-post__meta-data\">\n\t\t\t\t\t<span class=\"elementor-post-date\">\n\t\t\t16 marzo, 2026\t\t<\/span>\n\t\t\t\t<span class=\"elementor-post-avatar\">\n\t\t\tNo hay comentarios\t\t<\/span>\n\t\t\t\t<\/div>\n\t\t\t\t\t<\/div>\n\t\t<\/article>\n\t\t\t\t<article class=\"elementor-post elementor-grid-item post-11431 post type-post status-publish format-standard has-post-thumbnail hentry category-noticias category-noticiassindi\">\n\t\t\t<div class=\"elementor-post__card\">\n\t\t\t\t<a class=\"elementor-post__thumbnail__link\" href=\"https:\/\/sindicato1chuqui.cl\/maqueta\/2026\/03\/10\/chuqui-fest-musica-homenaje-y-grandes-momentos-que-pronto-podras-revivir-en-nuestras-redes\/\" tabindex=\"-1\" ><div class=\"elementor-post__thumbnail\"><img loading=\"lazy\" decoding=\"async\" width=\"280\" height=\"280\" src=\"https:\/\/sindicato1chuqui.cl\/maqueta\/wp-content\/uploads\/2026\/03\/Captura-de-pantalla-2026-03-10-090943-280x280.png\" class=\"attachment-thumbnail size-thumbnail wp-image-11433\" alt=\"\" \/><\/div><\/a>\n\t\t\t\t<div class=\"elementor-post__badge\">Noticias<\/div>\n\t\t\t\t<div class=\"elementor-post__avatar\">\n\t\t\t<img alt='Jorge Noriega' src='https:\/\/secure.gravatar.com\/avatar\/f92b7464eefde6cc970503f9f80afb6ea4f829c8084b49697720200f447fc53a?s=128&#038;d=mm&#038;r=g' srcset='https:\/\/secure.gravatar.com\/avatar\/f92b7464eefde6cc970503f9f80afb6ea4f829c8084b49697720200f447fc53a?s=256&#038;d=mm&#038;r=g 2x' class='avatar avatar-128 photo' height='128' width='128' \/>\t\t<\/div>\n\t\t\t\t<div class=\"elementor-post__text\">\n\t\t\t\t<h1 class=\"elementor-post__title\">\n\t\t\t<a href=\"https:\/\/sindicato1chuqui.cl\/maqueta\/2026\/03\/10\/chuqui-fest-musica-homenaje-y-grandes-momentos-que-pronto-podras-revivir-en-nuestras-redes\/\" >\n\t\t\t\tChuqui Fest: m\u00fasica, homenaje y grandes momentos que pronto podr\u00e1s revivir en nuestras redes\t\t\t<\/a>\n\t\t<\/h1>\n\t\t\t\t<div class=\"elementor-post__excerpt\">\n\t\t\t<p>Estos son solo algunos de los grandes momentos que nos regal\u00f3 el Chuqui Fest: una jornada llena de alegr\u00eda, donde disfrutamos del talento de destacados<\/p>\n\t\t<\/div>\n\t\t\n\t\t<a class=\"elementor-post__read-more\" href=\"https:\/\/sindicato1chuqui.cl\/maqueta\/2026\/03\/10\/chuqui-fest-musica-homenaje-y-grandes-momentos-que-pronto-podras-revivir-en-nuestras-redes\/\" aria-label=\"Read more about Chuqui Fest: m\u00fasica, homenaje y grandes momentos que pronto podr\u00e1s revivir en nuestras redes\" tabindex=\"-1\" >\n\t\t\tLeer m\u00e1s \u00bb\t\t<\/a>\n\n\t\t\t\t<\/div>\n\t\t\t\t<div class=\"elementor-post__meta-data\">\n\t\t\t\t\t<span class=\"elementor-post-date\">\n\t\t\t10 marzo, 2026\t\t<\/span>\n\t\t\t\t<span class=\"elementor-post-avatar\">\n\t\t\tNo hay comentarios\t\t<\/span>\n\t\t\t\t<\/div>\n\t\t\t\t\t<\/div>\n\t\t<\/article>\n\t\t\t\t<article class=\"elementor-post elementor-grid-item post-11428 post type-post status-publish format-standard has-post-thumbnail hentry category-noticias category-noticiassindi\">\n\t\t\t<div class=\"elementor-post__card\">\n\t\t\t\t<a class=\"elementor-post__thumbnail__link\" href=\"https:\/\/sindicato1chuqui.cl\/maqueta\/2026\/03\/08\/chuqui-fest-un-exito-total\/\" tabindex=\"-1\" ><div class=\"elementor-post__thumbnail\"><img loading=\"lazy\" decoding=\"async\" width=\"280\" height=\"280\" src=\"https:\/\/sindicato1chuqui.cl\/maqueta\/wp-content\/uploads\/2026\/03\/646897132_912941678100527_8942862832454726679_n-280x280.jpg\" class=\"attachment-thumbnail size-thumbnail wp-image-11429\" alt=\"\" \/><\/div><\/a>\n\t\t\t\t<div class=\"elementor-post__badge\">Noticias<\/div>\n\t\t\t\t<div class=\"elementor-post__avatar\">\n\t\t\t<img alt='Jorge Noriega' src='https:\/\/secure.gravatar.com\/avatar\/f92b7464eefde6cc970503f9f80afb6ea4f829c8084b49697720200f447fc53a?s=128&#038;d=mm&#038;r=g' srcset='https:\/\/secure.gravatar.com\/avatar\/f92b7464eefde6cc970503f9f80afb6ea4f829c8084b49697720200f447fc53a?s=256&#038;d=mm&#038;r=g 2x' class='avatar avatar-128 photo' height='128' width='128' \/>\t\t<\/div>\n\t\t\t\t<div class=\"elementor-post__text\">\n\t\t\t\t<h1 class=\"elementor-post__title\">\n\t\t\t<a href=\"https:\/\/sindicato1chuqui.cl\/maqueta\/2026\/03\/08\/chuqui-fest-un-exito-total\/\" >\n\t\t\t\tChuqui Fest un \u00e9xito total\t\t\t<\/a>\n\t\t<\/h1>\n\t\t\t\t<div class=\"elementor-post__excerpt\">\n\t\t\t<p>No fue solo un evento, fue el latido de una familia que se reconoce en el esfuerzo y la alegr\u00eda. El Chuqui Fest de ayer<\/p>\n\t\t<\/div>\n\t\t\n\t\t<a class=\"elementor-post__read-more\" href=\"https:\/\/sindicato1chuqui.cl\/maqueta\/2026\/03\/08\/chuqui-fest-un-exito-total\/\" aria-label=\"Read more about Chuqui Fest un \u00e9xito total\" tabindex=\"-1\" >\n\t\t\tLeer m\u00e1s \u00bb\t\t<\/a>\n\n\t\t\t\t<\/div>\n\t\t\t\t<div class=\"elementor-post__meta-data\">\n\t\t\t\t\t<span class=\"elementor-post-date\">\n\t\t\t8 marzo, 2026\t\t<\/span>\n\t\t\t\t<span class=\"elementor-post-avatar\">\n\t\t\tNo hay comentarios\t\t<\/span>\n\t\t\t\t<\/div>\n\t\t\t\t\t<\/div>\n\t\t<\/article>\n\t\t\t\t<\/div>\n\t\t\n\t\t\t\t<div class=\"e-load-more-anchor\" data-page=\"1\" data-max-page=\"67\" data-next-page=\"https:\/\/sindicato1chuqui.cl\/maqueta\/wp-json\/wp\/v2\/pages\/9236\/page\/2\/\"><\/div>\n\t\t\t\t<nav class=\"elementor-pagination\" aria-label=\"Pagination\">\n\t\t\t<span class=\"page-numbers prev\">&laquo; Anterior<\/span>\n<span aria-current=\"page\" class=\"page-numbers current\"><span class=\"elementor-screen-only\">Page<\/span>1<\/span>\n<a class=\"page-numbers\" href=\"https:\/\/sindicato1chuqui.cl\/maqueta\/wp-json\/wp\/v2\/pages\/9236\/page\/2\/\"><span class=\"elementor-screen-only\">Page<\/span>2<\/a>\n<a class=\"page-numbers\" href=\"https:\/\/sindicato1chuqui.cl\/maqueta\/wp-json\/wp\/v2\/pages\/9236\/page\/3\/\"><span class=\"elementor-screen-only\">Page<\/span>3<\/a>\n<a class=\"page-numbers\" href=\"https:\/\/sindicato1chuqui.cl\/maqueta\/wp-json\/wp\/v2\/pages\/9236\/page\/4\/\"><span class=\"elementor-screen-only\">Page<\/span>4<\/a>\n<a class=\"page-numbers\" href=\"https:\/\/sindicato1chuqui.cl\/maqueta\/wp-json\/wp\/v2\/pages\/9236\/page\/5\/\"><span class=\"elementor-screen-only\">Page<\/span>5<\/a>\n<a class=\"page-numbers next\" href=\"https:\/\/sindicato1chuqui.cl\/maqueta\/wp-json\/wp\/v2\/pages\/9236\/page\/2\/\">Siguiente &raquo;<\/a>\t\t<\/nav>\n\t\t\t\t\t\t<\/div>\n\t\t\t\t<\/div>\n\t\t\t\t\t<\/div>\n\t\t<\/div>\n\t\t\t\t\t<\/div>\n\t\t<\/section>\n\t\t\t\t<section class=\"elementor-section elementor-top-section elementor-element elementor-element-cd7e171 elementor-section-boxed elementor-section-height-default elementor-section-height-default\" data-id=\"cd7e171\" data-element_type=\"section\">\n\t\t\t\t\t\t<div class=\"elementor-container elementor-column-gap-default\">\n\t\t\t\t\t<div class=\"elementor-column elementor-col-100 elementor-top-column elementor-element elementor-element-f616ee8\" data-id=\"f616ee8\" data-element_type=\"column\">\n\t\t\t<div class=\"elementor-widget-wrap elementor-element-populated\">\n\t\t\t\t\t\t<div class=\"elementor-element elementor-element-584019e elementor-widget elementor-widget-spacer\" data-id=\"584019e\" data-element_type=\"widget\" data-widget_type=\"spacer.default\">\n\t\t\t\t<div class=\"elementor-widget-container\">\n\t\t\t\t\t\t\t<div class=\"elementor-spacer\">\n\t\t\t<div class=\"elementor-spacer-inner\"><\/div>\n\t\t<\/div>\n\t\t\t\t\t\t<\/div>\n\t\t\t\t<\/div>\n\t\t\t\t\t<\/div>\n\t\t<\/div>\n\t\t\t\t\t<\/div>\n\t\t<\/section>\n\t\t\t\t<section class=\"elementor-section elementor-top-section elementor-element elementor-element-d923af2 elementor-section-boxed elementor-section-height-default elementor-section-height-default\" data-id=\"d923af2\" data-element_type=\"section\">\n\t\t\t\t\t\t<div class=\"elementor-container elementor-column-gap-default\">\n\t\t\t\t\t<div class=\"elementor-column elementor-col-100 elementor-top-column elementor-element elementor-element-587b091\" data-id=\"587b091\" data-element_type=\"column\">\n\t\t\t<div class=\"elementor-widget-wrap elementor-element-populated\">\n\t\t\t\t\t\t<div class=\"elementor-element elementor-element-891cc6c elementor-widget elementor-widget-spacer\" data-id=\"891cc6c\" data-element_type=\"widget\" data-widget_type=\"spacer.default\">\n\t\t\t\t<div class=\"elementor-widget-container\">\n\t\t\t\t\t\t\t<div class=\"elementor-spacer\">\n\t\t\t<div class=\"elementor-spacer-inner\"><\/div>\n\t\t<\/div>\n\t\t\t\t\t\t<\/div>\n\t\t\t\t<\/div>\n\t\t\t\t\t<\/div>\n\t\t<\/div>\n\t\t\t\t\t<\/div>\n\t\t<\/section>\n\t\t\t\t<\/div>\n\t\t","protected":false},"excerpt":{"rendered":"","protected":false},"author":3,"featured_media":0,"parent":0,"menu_order":0,"comment_status":"closed","ping_status":"closed","template":"","meta":{"footnotes":""},"class_list":["post-9236","page","type-page","status-publish","hentry"],"_links":{"self":[{"href":"https:\/\/sindicato1chuqui.cl\/maqueta\/wp-json\/wp\/v2\/pages\/9236","targetHints":{"allow":["GET"]}}],"collection":[{"href":"https:\/\/sindicato1chuqui.cl\/maqueta\/wp-json\/wp\/v2\/pages"}],"about":[{"href":"https:\/\/sindicato1chuqui.cl\/maqueta\/wp-json\/wp\/v2\/types\/page"}],"author":[{"embeddable":true,"href":"https:\/\/sindicato1chuqui.cl\/maqueta\/wp-json\/wp\/v2\/users\/3"}],"replies":[{"embeddable":true,"href":"https:\/\/sindicato1chuqui.cl\/maqueta\/wp-json\/wp\/v2\/comments?post=9236"}],"version-history":[{"count":28,"href":"https:\/\/sindicato1chuqui.cl\/maqueta\/wp-json\/wp\/v2\/pages\/9236\/revisions"}],"predecessor-version":[{"id":9648,"href":"https:\/\/sindicato1chuqui.cl\/maqueta\/wp-json\/wp\/v2\/pages\/9236\/revisions\/9648"}],"wp:attachment":[{"href":"https:\/\/sindicato1chuqui.cl\/maqueta\/wp-json\/wp\/v2\/media?parent=9236"}],"curies":[{"name":"wp","href":"https:\/\/api.w.org\/{rel}","templated":true}]}}