{"id":9016,"date":"2021-10-05T01:07:44","date_gmt":"2021-10-05T01:07:44","guid":{"rendered":"https:\/\/sindicato1chuqui.cl\/maqueta\/?page_id=9016"},"modified":"2024-10-29T12:20:56","modified_gmt":"2024-10-29T12:20:56","slug":"radiocarillon","status":"publish","type":"page","link":"https:\/\/sindicato1chuqui.cl\/maqueta\/radiocarillon\/","title":{"rendered":"RadioCarillon"},"content":{"rendered":"\t\t<div data-elementor-type=\"wp-page\" data-elementor-id=\"9016\" class=\"elementor elementor-9016\" data-elementor-post-type=\"page\">\n\t\t\t\t\t\t<section class=\"elementor-section elementor-top-section elementor-element elementor-element-34c22c9 elementor-section-boxed elementor-section-height-default elementor-section-height-default\" data-id=\"34c22c9\" data-element_type=\"section\">\n\t\t\t\t\t\t<div class=\"elementor-container elementor-column-gap-default\">\n\t\t\t\t\t<div class=\"elementor-column elementor-col-100 elementor-top-column elementor-element elementor-element-c7c964b\" data-id=\"c7c964b\" data-element_type=\"column\">\n\t\t\t<div class=\"elementor-widget-wrap elementor-element-populated\">\n\t\t\t\t\t\t<div class=\"elementor-element elementor-element-73fbd51 elementor-widget elementor-widget-spacer\" data-id=\"73fbd51\" data-element_type=\"widget\" data-widget_type=\"spacer.default\">\n\t\t\t\t<div class=\"elementor-widget-container\">\n\t\t\t\t\t\t\t<div class=\"elementor-spacer\">\n\t\t\t<div class=\"elementor-spacer-inner\"><\/div>\n\t\t<\/div>\n\t\t\t\t\t\t<\/div>\n\t\t\t\t<\/div>\n\t\t\t\t\t<\/div>\n\t\t<\/div>\n\t\t\t\t\t<\/div>\n\t\t<\/section>\n\t\t\t\t<section class=\"elementor-section elementor-top-section elementor-element elementor-element-a392afc elementor-section-boxed elementor-section-height-default elementor-section-height-default\" data-id=\"a392afc\" data-element_type=\"section\">\n\t\t\t\t\t\t<div class=\"elementor-container elementor-column-gap-default\">\n\t\t\t\t\t<div class=\"elementor-column elementor-col-100 elementor-top-column elementor-element elementor-element-6e5125f\" data-id=\"6e5125f\" data-element_type=\"column\">\n\t\t\t<div class=\"elementor-widget-wrap elementor-element-populated\">\n\t\t\t\t\t\t<div class=\"elementor-element elementor-element-59c838f elementor--h-position-center elementor--v-position-middle elementor-arrows-position-inside elementor-pagination-position-inside elementor-widget elementor-widget-slides\" data-id=\"59c838f\" data-element_type=\"widget\" data-settings=\"{&quot;navigation&quot;:&quot;both&quot;,&quot;autoplay&quot;:&quot;yes&quot;,&quot;pause_on_hover&quot;:&quot;yes&quot;,&quot;pause_on_interaction&quot;:&quot;yes&quot;,&quot;autoplay_speed&quot;:5000,&quot;infinite&quot;:&quot;yes&quot;,&quot;transition&quot;:&quot;slide&quot;,&quot;transition_speed&quot;:500}\" data-widget_type=\"slides.default\">\n\t\t\t\t<div class=\"elementor-widget-container\">\n\t\t\t\t\t\t\t\t\t<div class=\"elementor-swiper\">\n\t\t\t\t\t<div class=\"elementor-slides-wrapper elementor-main-swiper swiper\" role=\"region\" aria-roledescription=\"carousel\" aria-label=\"Slides\" dir=\"ltr\" data-animation=\"fadeInUp\">\n\t\t\t\t<div class=\"swiper-wrapper elementor-slides\">\n\t\t\t\t\t\t\t\t\t\t<div class=\"elementor-repeater-item-b0a5d40 swiper-slide\" role=\"group\" aria-roledescription=\"slide\"><div class=\"swiper-slide-bg elementor-ken-burns elementor-ken-burns--in\" role=\"img\"><\/div><div class=\"swiper-slide-inner\" ><div class=\"swiper-slide-contents\"><div class=\"elementor-slide-heading\">Audios Noticias Radio Carill\u00f3n<\/div><\/div><\/div><\/div><div class=\"elementor-repeater-item-7efa9d2 swiper-slide\" role=\"group\" aria-roledescription=\"slide\"><div class=\"swiper-slide-bg elementor-ken-burns elementor-ken-burns--in\" role=\"img\"><\/div><div class=\"swiper-slide-inner\" ><div class=\"swiper-slide-contents\"><div class=\"elementor-slide-heading\">Audio Noticias Radio Carill\u00f3n<\/div><\/div><\/div><\/div><div class=\"elementor-repeater-item-f9b91c2 swiper-slide\" role=\"group\" aria-roledescription=\"slide\"><div class=\"swiper-slide-bg elementor-ken-burns elementor-ken-burns--out\" role=\"img\"><\/div><div class=\"swiper-slide-inner\" ><div class=\"swiper-slide-contents\"><div class=\"elementor-slide-heading\">Audio Noticias Radio Carill\u00f3n<\/div><\/div><\/div><\/div>\t\t\t\t<\/div>\n\t\t\t\t\t\t\t\t\t\t\t\t\t\t\t<div class=\"elementor-swiper-button elementor-swiper-button-prev\" role=\"button\" tabindex=\"0\" aria-label=\"Previous slide\">\n\t\t\t\t\t\t\t<i aria-hidden=\"true\" class=\"eicon-chevron-left\"><\/i>\t\t\t\t\t\t<\/div>\n\t\t\t\t\t\t<div class=\"elementor-swiper-button elementor-swiper-button-next\" role=\"button\" tabindex=\"0\" aria-label=\"Next slide\">\n\t\t\t\t\t\t\t<i aria-hidden=\"true\" class=\"eicon-chevron-right\"><\/i>\t\t\t\t\t\t<\/div>\n\t\t\t\t\t\t\t\t\t\t\t\t\t\t\t\t<div class=\"swiper-pagination\"><\/div>\n\t\t\t\t\t\t\t\t\t\t\t\t<\/div>\n\t\t\t\t<\/div>\n\t\t\t\t\t\t\t\t<\/div>\n\t\t\t\t<\/div>\n\t\t\t\t\t<\/div>\n\t\t<\/div>\n\t\t\t\t\t<\/div>\n\t\t<\/section>\n\t\t\t\t<section class=\"elementor-section elementor-top-section elementor-element elementor-element-2521d3a elementor-section-boxed elementor-section-height-default elementor-section-height-default\" data-id=\"2521d3a\" data-element_type=\"section\">\n\t\t\t\t\t\t<div class=\"elementor-container elementor-column-gap-default\">\n\t\t\t\t\t<div class=\"elementor-column elementor-col-50 elementor-top-column elementor-element elementor-element-f02f9bb\" data-id=\"f02f9bb\" data-element_type=\"column\">\n\t\t\t<div class=\"elementor-widget-wrap elementor-element-populated\">\n\t\t\t\t\t\t\t<\/div>\n\t\t<\/div>\n\t\t\t\t<div class=\"elementor-column elementor-col-50 elementor-top-column elementor-element elementor-element-b7dd765\" data-id=\"b7dd765\" data-element_type=\"column\">\n\t\t\t<div class=\"elementor-widget-wrap\">\n\t\t\t\t\t\t\t<\/div>\n\t\t<\/div>\n\t\t\t\t\t<\/div>\n\t\t<\/section>\n\t\t\t\t<section class=\"elementor-section elementor-top-section elementor-element elementor-element-d38c7cf elementor-section-boxed elementor-section-height-default elementor-section-height-default\" data-id=\"d38c7cf\" data-element_type=\"section\">\n\t\t\t\t\t\t<div class=\"elementor-container elementor-column-gap-default\">\n\t\t\t\t\t<div class=\"elementor-column elementor-col-100 elementor-top-column elementor-element elementor-element-3ae452a\" data-id=\"3ae452a\" data-element_type=\"column\">\n\t\t\t<div class=\"elementor-widget-wrap elementor-element-populated\">\n\t\t\t\t\t\t<div class=\"elementor-element elementor-element-2a19d2a elementor-drop-cap-yes elementor-drop-cap-view-default elementor-widget elementor-widget-text-editor\" data-id=\"2a19d2a\" data-element_type=\"widget\" data-settings=\"{&quot;drop_cap&quot;:&quot;yes&quot;}\" data-widget_type=\"text-editor.default\">\n\t\t\t\t<div class=\"elementor-widget-container\">\n\t\t\t\t\t\t\t\t\t<p><!--[if lt IE 9]><script>document.createElement('audio');<\/script><![endif]-->\n\t<div class=\"wp-playlist wp-audio-playlist wp-playlist-light\">\n\t\t\t<div class=\"wp-playlist-current-item\"><\/div>\n\t\t<audio controls=\"controls\" preload=\"none\" width=\"998\"\n\t\t\t><\/audio>\n\t<div class=\"wp-playlist-next\"><\/div>\n\t<div class=\"wp-playlist-prev\"><\/div>\n\t<noscript>\n\t<ol>\n\t\t<li><a href='https:\/\/sindicato1chuqui.cl\/maqueta\/wp-content\/uploads\/2024\/10\/Reunion-con-Gerente-Divisional-y-con-los-nuevos-ejecutivos-que-ingresan-a-Chuquicamata-28-Octubre.mp3'>Reuni\u00f3n con Gerente Divisional y con los nuevos ejecutivos que ingresan a Chuquicamata 28 Octubre<\/a><\/li><li><a href='https:\/\/sindicato1chuqui.cl\/maqueta\/wp-content\/uploads\/2024\/10\/Directorio-respalda-candidatura-de-Alberto-Munoz-a-Concejal.mp3'>Directorio respalda candidatura de Alberto Mu\u00f1oz a Concejal<\/a><\/li><li><a href='https:\/\/sindicato1chuqui.cl\/maqueta\/wp-content\/uploads\/2024\/10\/Actividades-relacionadas-al-mes-de-la-salud-mental-y-prevencion-del-cancer-de-mamas-15-octubre.mp3'>Actividades relacionadas al mes de la salud mental y prevenci\u00f3n del c\u00e1ncer de mamas 15 octubre<\/a><\/li><li><a href='https:\/\/sindicato1chuqui.cl\/maqueta\/wp-content\/uploads\/2024\/10\/Ascensos-pendientes-seran-regularizados-7-octubre.mp3'>Ascensos pendientes ser\u00e1n regularizados 7 octubre<\/a><\/li><li><a href='https:\/\/sindicato1chuqui.cl\/maqueta\/wp-content\/uploads\/2024\/09\/Hector-Roco-y-Alberto-Munoz-se-refieren-a-la-contingencia-sindical-y-proximas-elecciones-30-septiembre.mp3'>H\u00e9ctor Roco y Alberto Mu\u00f1oz se refieren a la contingencia sindical y pr\u00f3ximas elecciones 30 septiembre<\/a><\/li><li><a href='https:\/\/sindicato1chuqui.cl\/maqueta\/wp-content\/uploads\/2024\/09\/Alberto-Munos-se-refiere-a-la-falta-de-dotacion-y-la-falencia-en-la-entrega-de-ascensos-23-septiembre.mp3'>Alberto Mu\u00f1os se refiere a la falta de dotaci\u00f3n y la falencia en la entrega de ascensos 23 septiembre<\/a><\/li><li><a href='https:\/\/sindicato1chuqui.cl\/maqueta\/wp-content\/uploads\/2024\/08\/Directorio-realizara-jornada-de-Trabajo-en-Mina-Chuquicamata-12-gosto.mp3'>Directorio realizar\u00e1 jornada de Trabajo en Mina Chuquicamata 12 gosto<\/a><\/li><li><a href='https:\/\/sindicato1chuqui.cl\/maqueta\/wp-content\/uploads\/2024\/07\/Nuevo-gerente-Visito-Sindicato-N\u00b01.mp3'>Nuevo gerente Visit\u00f3 Sindicato N\u00b01<\/a><\/li><li><a href='https:\/\/sindicato1chuqui.cl\/maqueta\/wp-content\/uploads\/2024\/07\/Ivan-Soto-y-Javier-Perez-se-refieren-a-los-50-anos-del-Centro-Odontologico.mp3'>Ivan Soto y Javier Perez, se refieren a los 50 a\u00f1os del Centro Odontologico<\/a><\/li><li><a href='https:\/\/sindicato1chuqui.cl\/maqueta\/wp-content\/uploads\/2024\/07\/Hector-Roco-saluda-a-Centro-Odontologico-en-su-aniversario-y-detalla-agenda-semanal.mp3'>H\u00e9ctor Roco saluda a Centro Odontol\u00f3gico en su aniversario y detalla agenda semanal<\/a><\/li><li><a href='https:\/\/sindicato1chuqui.cl\/maqueta\/wp-content\/uploads\/2024\/07\/Centro-Odontologico-cumple-50-anos-de-vida-2-Julio.mp3'>Centro Odontol\u00f3gico cumple 50 a\u00f1os de vida 2 Julio<\/a><\/li><li><a href='https:\/\/sindicato1chuqui.cl\/maqueta\/wp-content\/uploads\/2024\/06\/MARGOT-FERNANDEZ-Y-ALBERTO-MUNOZ-DAN-A-CONOCER-SITUACION-DE-LA-GEL-17-JUN.mp3'>MARGOT FERNANDEZ Y ALBERTO MU\u00d1OZ DAN A CONOCER SITUACION DE LA GEL 17 JUN<\/a><\/li><li><a href='https:\/\/sindicato1chuqui.cl\/maqueta\/wp-content\/uploads\/2024\/06\/Socios-aprovaron-balance-y-presupuesto-13-junio-2024.mp3'>Socios aprovaron balance y presupuesto 13 junio 2024<\/a><\/li><li><a href='https:\/\/sindicato1chuqui.cl\/maqueta\/wp-content\/uploads\/2024\/05\/Alberto-Munoz-se-refiere-a-la-contingrencia-sindical-y-otros-28-mayo.mp3'>Alberto Mu\u00f1oz se refiere a la contingrencia sindical y otros 28 mayo<\/a><\/li><li><a href='https:\/\/sindicato1chuqui.cl\/maqueta\/wp-content\/uploads\/2024\/04\/Despacho-26-abril-radio-carillon.mp3'>Despacho 26 abril radio carillon<\/a><\/li><li><a href='https:\/\/sindicato1chuqui.cl\/maqueta\/wp-content\/uploads\/2024\/04\/25-abril-completo-1.mp3'>25 abril completo<\/a><\/li><li><a href='https:\/\/sindicato1chuqui.cl\/maqueta\/wp-content\/uploads\/2024\/04\/25-abril-completo.mp3'>25 abril completo<\/a><\/li><li><a href='https:\/\/sindicato1chuqui.cl\/maqueta\/wp-content\/uploads\/2024\/04\/inicio.mp3'>inicio<\/a><\/li><li><a href='https:\/\/sindicato1chuqui.cl\/maqueta\/wp-content\/uploads\/2024\/04\/Despacho-Inauguracion-Congreso-23-abril-2024.mp3'>Despacho Inauguracion Congreso 23 abril 2024<\/a><\/li><li><a href='https:\/\/sindicato1chuqui.cl\/maqueta\/wp-content\/uploads\/2024\/04\/Comienza-asoria-operacion-renta-8-Jaime-Graz-abril.mp3'>Comienza asoria operacion renta 8 Jaime Graz abril<\/a><\/li><li><a href='https:\/\/sindicato1chuqui.cl\/maqueta\/wp-content\/uploads\/2024\/04\/El-Hospital-no-se-vende-comite-paritario-Alberto-Munoz-8-Abril.mp3'>El Hospital no se vende, comite paritario Alberto Mu\u00f1oz 8 Abril<\/a><\/li><li><a href='https:\/\/sindicato1chuqui.cl\/maqueta\/wp-content\/uploads\/2024\/03\/Dia-Mundial-Salud-Bucal.mp3'>Dia Mundial Salud Bucal<\/a><\/li><li><a href='https:\/\/sindicato1chuqui.cl\/maqueta\/wp-content\/uploads\/2023\/12\/Hecto-Roco-asume-la-presiencia-de-la-FTC.mp3'>H\u00e9cto Roco asume la presiencia de la FTC<\/a><\/li><li><a href='https:\/\/sindicato1chuqui.cl\/maqueta\/wp-content\/uploads\/2023\/12\/Siguen-las-dificultades-en-torno-al-tema-remuneracional-7-diciembre.mp3'>Siguen las dificultades en torno al tema remuneracional 7 diciembre<\/a><\/li><li><a href='https:\/\/sindicato1chuqui.cl\/maqueta\/wp-content\/uploads\/2023\/11\/Problemas-en-el-Laboratorio-Quimico-y-Fundicion-preocupan-a-los-trabajadores-6-nov.mp3'>Problemas en el Laboratorio Qu\u00edmico y Fundici\u00f3n preocupan a los trabajadores 6 nov<\/a><\/li><li><a href='https:\/\/sindicato1chuqui.cl\/maqueta\/wp-content\/uploads\/2023\/11\/Sindicato-se-reunio-con-Diputado-Jaime-Araya.mp3'>Sindicato se reunio con Diputado Jaime Araya<\/a><\/li><li><a href='https:\/\/sindicato1chuqui.cl\/maqueta\/wp-content\/uploads\/2023\/10\/Dirigentes-analizaron-temas-sindicales-de-los-ultimos-dias-6-octubre.mp3'>Dirigentes analizaron temas sindicales de los \u00faltimos d\u00edas 6 octubre<\/a><\/li><li><a href='https:\/\/sindicato1chuqui.cl\/maqueta\/wp-content\/uploads\/2023\/09\/Dirigentes-manifiestan-preocupacion-por-reiteradas-deficiencias-12-sep.mp3'>Dirigentes manifiestan preocupaci\u00f3n por reiteradas deficiencias 12 sep<\/a><\/li><li><a href='https:\/\/sindicato1chuqui.cl\/maqueta\/wp-content\/uploads\/2023\/08\/Coltauco-espera-por-la-ayuda-de-mineros.mp3'>Coltauco espera por la ayuda de mineros<\/a><\/li><li><a href='https:\/\/sindicato1chuqui.cl\/maqueta\/wp-content\/uploads\/2023\/08\/Presidente-del-Sinidcato-N\u00b01-da-inicio-a-campana-sol-de-esperanza-juntos-por-el-sur.mp3'>Presidente del Sinidcato N\u00b01 da inicio a campa\u00f1a sol de esperanza, juntos por el sur<\/a><\/li><li><a href='https:\/\/sindicato1chuqui.cl\/maqueta\/wp-content\/uploads\/2023\/08\/Presidente-del-Sinidcato-1-saluda-a-los-mineros-as-en-su-dia-10-agosto.mp3'>Presidente del Sinidcato 1 saluda a los mineros (as) en su d\u00eda 10 agosto<\/a><\/li><li><a href='https:\/\/sindicato1chuqui.cl\/maqueta\/wp-content\/uploads\/2023\/08\/Sobre-asaltos-a-trabajadores-entrega-de-Reloj-de-Oro-y-mas-analizaron-dirigentes-sindicales-9-agosto.mp3'>Sobre asaltos a trabajadores, entrega de Reloj de Oro y m\u00e1s analizaron dirigentes sindicales 9 agosto<\/a><\/li><li><a href='https:\/\/sindicato1chuqui.cl\/maqueta\/wp-content\/uploads\/2023\/07\/David-Bernal-se-refirio-a-anomalias-en-el-pago-de-bono-especial-de-vacaciones-rechazo-de-licencias-medicas-y-pago-de-becas-13-julio.mp3'>David Bernal se refiri\u00f3 a anomal\u00edas en el pago de bono especial de vacaciones, rechazo de licencias medicas y pago de becas 13 julio<\/a><\/li><li><a href='https:\/\/sindicato1chuqui.cl\/maqueta\/wp-content\/uploads\/2023\/07\/Hector-Roco-se-refiere-a-la-conmemoracion-de-los-52-anos-de-la-Nacionalizacion-del-Cobre-11-julio.mp3'>H\u00e9ctor Roco se refiere a la conmemoraci\u00f3n de los 52 a\u00f1os de la Nacionalizaci\u00f3n del Cobre 11 julio<\/a><\/li><li><a href='https:\/\/sindicato1chuqui.cl\/maqueta\/wp-content\/uploads\/2023\/07\/Presidente-del-Directorio-de-Codelco-y-Presidente-Ejecutivo-se-reunieron-con-representantes-del-Sindicato-N\u00b01.mp3'>Presidente del Directorio de Codelco y Presidente Ejecutivo se reunieron con representantes del Sindicato N\u00b01<\/a><\/li><li><a href='https:\/\/sindicato1chuqui.cl\/maqueta\/wp-content\/uploads\/2023\/07\/Inconvenientes-en-el-sistema-de-transportes-3-julio.mp3'>Inconvenientes en el sistema de transportes 3 julio<\/a><\/li><li><a href='https:\/\/sindicato1chuqui.cl\/maqueta\/wp-content\/uploads\/2023\/06\/Dirigentes-denuncian-malos-tratos-en-Hospital-del-Cobre-22-junio.mp3'>Dirigentes denuncian malos tratos en Hospital del Cobre 22 junio<\/a><\/li><li><a href='https:\/\/sindicato1chuqui.cl\/maqueta\/wp-content\/uploads\/2023\/06\/Presiente-del-Sindicato-evalua-primer-encuentro-con-la-administracion-divisional-5-junio-2023.mp3'>Presiente del Sindicato eval\u00faa primer encuentro con la administraci\u00f3n divisional 5 junio 2023<\/a><\/li><li><a href='https:\/\/sindicato1chuqui.cl\/maqueta\/wp-content\/uploads\/2023\/05\/Hector-Roco-se-refiere-a-proceso-eleccionario-25-mayo.mp3'>Hector Roco se refiere a proceso eleccionario 25 mayo<\/a><\/li><li><a href='https:\/\/sindicato1chuqui.cl\/maqueta\/wp-content\/uploads\/2023\/05\/Sindicato-cumple-a-cabalidad-con-el-pago-de-Fondos-de-Retiro-9-mayo.mp3'>Sindicato cumple a cabalidad con el pago de Fondos de Retiro 9 mayo<\/a><\/li><li><a href='https:\/\/sindicato1chuqui.cl\/maqueta\/wp-content\/uploads\/2023\/05\/Dirigentes-acusan-trato-indebido-por-parte-de-supervisor-8-mayo.mp3'>Dirigentes acusan trato indebido por parte de supervisor 8 mayo<\/a><\/li><li><a href='https:\/\/sindicato1chuqui.cl\/maqueta\/wp-content\/uploads\/2023\/04\/Se-constituye-Comision-Electoral-27-ab-2023.mp3'>Se constituye Comisi\u00f3n Electoral 27 ab 2023<\/a><\/li><li><a href='https:\/\/sindicato1chuqui.cl\/maqueta\/wp-content\/uploads\/2023\/04\/Que-pasa-con-la-entrega-de-ropa-de-invierno-y-lo-EPP-25-abril.mp3'>Qu\u00e9 pasa con la entrega de ropa de invierno y lo EPP 25 abril<\/a><\/li><li><a href='https:\/\/sindicato1chuqui.cl\/maqueta\/wp-content\/uploads\/2023\/04\/Despacho-Congreso-19-abril.mp3'>Despacho Congreso 19 abril<\/a><\/li><li><a href='https:\/\/sindicato1chuqui.cl\/maqueta\/wp-content\/uploads\/2023\/04\/Presidente-del-sindicato-No1-se-refiere-intervencionismo-electoral-11-abril-2023.mp3'>Presidente del sindicato N\u00ba1 se refiere intervencionismo electoral 11 abril 2023<\/a><\/li><li><a href='https:\/\/sindicato1chuqui.cl\/maqueta\/wp-content\/uploads\/2023\/04\/Inquietud-por-bonos-en-la-subterranea-y-preocupacion-en-proteccion-industrial-4-abril.mp3'>Inquietud por bonos en la subterr\u00e1nea y preocupaci\u00f3n en protecci\u00f3n industrial 4 abril<\/a><\/li><li><a href='https:\/\/sindicato1chuqui.cl\/maqueta\/wp-content\/uploads\/2023\/03\/Gestion-sindical-internalizaciones-y-reconocimiento-a-los-socios-abordo-Hector-Roco-27-marzo-2023.mp3'>Gesti\u00f3n sindical, internalizaciones y reconocimiento a los socios abordo H\u00e9ctor Roco 27 marzo 2023<\/a><\/li><li><a href='https:\/\/sindicato1chuqui.cl\/maqueta\/wp-content\/uploads\/2023\/03\/Problemas-en-el-area-mina-v-dificultades-con-las-tarjetas-de-ingreso-a-faena-manifestaron-dirigentes-20-mar.mp3'>Problemas en el \u00e1rea mina v dificultades con las tarjetas de ingreso a faena manifestaron dirigentes 20 mar<\/a><\/li><li><a href='https:\/\/sindicato1chuqui.cl\/maqueta\/wp-content\/uploads\/2023\/03\/Buenas-noticias-sobre-ascensos-dificultad-con-licencias-medicas-y-mas-abordaron-dirigentes-en-Panorama-Sindical-10-marzo.mp3'>Buenas noticias sobre ascensos, dificultad con licencias m\u00e9dicas y m\u00e1s abordaron dirigentes en Panorama Sindical 10 marzo<\/a><\/li><li><a href='https:\/\/sindicato1chuqui.cl\/maqueta\/wp-content\/uploads\/2023\/02\/Dirigentes-se-refieren-a-visita-a-la-concentradora-23-febrero.mp3'>Dirigentes se refieren a visita a la concentradora 23 febrero<\/a><\/li><li><a href='https:\/\/sindicato1chuqui.cl\/maqueta\/wp-content\/uploads\/2023\/02\/Saludo-Senador-Esteban-Velasquez.mp3'>Saludo Senador Esteban Velasquez<\/a><\/li><li><a href='https:\/\/sindicato1chuqui.cl\/maqueta\/wp-content\/uploads\/2023\/02\/Paola-Astorga-Asesora-Sindicato.mp3'>Paola Astorga Asesora Sindicato<\/a><\/li><li><a href='https:\/\/sindicato1chuqui.cl\/maqueta\/wp-content\/uploads\/2023\/02\/Jenifer-Colaeguera-Jefa-Administracion-Sindicato.mp3'>Jenifer Colaeguera Jefa Administraci\u00f3n Sindicato<\/a><\/li><li><a href='https:\/\/sindicato1chuqui.cl\/maqueta\/wp-content\/uploads\/2023\/02\/Alcalde-Maria-Elena-Omar-Norambuena.mp3'>Alcalde Maria Elena Omar Norambuena<\/a><\/li><li><a href='https:\/\/sindicato1chuqui.cl\/maqueta\/wp-content\/uploads\/2023\/02\/Alcalde-de-Mejillones-Marcelino-Carvajal.mp3'>Alcalde de Mejillones Marcelino Carvajal<\/a><\/li><li><a href='https:\/\/sindicato1chuqui.cl\/maqueta\/wp-content\/uploads\/2023\/02\/Luis-Astorga-y-Alberto-Munoz.mp3'>Luis Astorga y Alberto Mu\u00f1oz<\/a><\/li><li><a href='https:\/\/sindicato1chuqui.cl\/maqueta\/wp-content\/uploads\/2023\/02\/Claudia-Rojas-Directora-Sindical.mp3'>Claudia Rojas Directora Sindical<\/a><\/li><li><a href='https:\/\/sindicato1chuqui.cl\/maqueta\/wp-content\/uploads\/2023\/02\/Cecilia-Gonzalez-Vicepresidenta-Sindicato.mp3'>Cecilia Gonzalez Vicepresidenta Sindicato<\/a><\/li><li><a href='https:\/\/sindicato1chuqui.cl\/maqueta\/wp-content\/uploads\/2023\/02\/Hector-Roco-Presidente-Sindicato.mp3'>H\u00e9ctor Roco Presidente Sindicato<\/a><\/li><li><a href='https:\/\/sindicato1chuqui.cl\/maqueta\/wp-content\/uploads\/2023\/02\/Panorama-sindical-14-febrero.mp3'>Panorama sindical 14 febrero<\/a><\/li><li><a href='https:\/\/sindicato1chuqui.cl\/maqueta\/wp-content\/uploads\/2023\/02\/Dirigentes-en-alerta-por-tema-de-Egresos-Especiales-2-Feb-2023.mp3'>Dirigentes en alerta por tema de Egresos Especiales 2 Feb 2023<\/a><\/li><li><a href='https:\/\/sindicato1chuqui.cl\/maqueta\/wp-content\/uploads\/2023\/01\/Representante-de-los-trabajadore-en-el-del-Directorio-de-Codelco-visito-nuestra-sede.mp3'>Representante de los trabajadore en el del Directorio de Codelco visit\u00f3 nuestra sede<\/a><\/li><li><a href='https:\/\/sindicato1chuqui.cl\/maqueta\/wp-content\/uploads\/2023\/01\/Dirigentes-dan-a-conocer-su-malestar-con-el-area-de-Remuneraciones-18-enero-2023-1.mp3'>Dirigentes dan a conocer su malestar con el \u00e1rea de Remuneraciones 18 enero 2023<\/a><\/li><li><a href='https:\/\/sindicato1chuqui.cl\/maqueta\/wp-content\/uploads\/2023\/01\/Dirigentes-dan-a-conocer-su-malestar-con-el-area-de-Remuneraciones-18-enero-2023.mp3'>Dirigentes dan a conocer su malestar con el \u00e1rea de Remuneraciones 18 enero 2023<\/a><\/li><li><a href='https:\/\/sindicato1chuqui.cl\/maqueta\/wp-content\/uploads\/2023\/01\/Errores-en-las-liquidaciones-fueron-abordados-en-Panorama-Sindical-10-enero-2023.mp3'>Errores en las liquidaciones fueron abordados en Panorama Sindical 10 enero 2023<\/a><\/li><li><a href='https:\/\/sindicato1chuqui.cl\/maqueta\/wp-content\/uploads\/2023\/01\/Que-pasa-con-el-pago-del-bono-de-produccion-y-las-gratificaciones-4-enero-2023.mp3'>Qu\u00e9 pasa con el pago del bono de producci\u00f3n y las gratificaciones 4 enero 2023<\/a><\/li><li><a href='https:\/\/sindicato1chuqui.cl\/maqueta\/wp-content\/uploads\/2023\/01\/Hector-Roco-relizo-balance-del-2022-29-diciembre.mp3'>Hector Roco reliz\u00f3 balance del 2022 29 diciembre<\/a><\/li><li><a href='https:\/\/sindicato1chuqui.cl\/maqueta\/wp-content\/uploads\/2022\/12\/Alberto-Munoz-y-Luis-Astorga-se-refieren-a-los-ascensos-consursos-entre-otros.mp3'>Alberto Mu\u00f1oz y Luis Astorga se refieren a los ascensos, consursos entre otros<\/a><\/li><li><a href='https:\/\/sindicato1chuqui.cl\/maqueta\/wp-content\/uploads\/2022\/12\/Asesor-tibutario-se-refiere-a-beneficios-de-pago-de-Apv-antes-del-30-de-diciembre-22-dic-2022.mp3'>Asesor tibutario se refiere a beneficios de pago de Apv antes del 30 de diciembre 22 dic 2022<\/a><\/li><li><a href='https:\/\/sindicato1chuqui.cl\/maqueta\/wp-content\/uploads\/2022\/12\/Conciliacion-vacaiones-y-pacto-estrategico-aboradaron-Alberto-Munoz-y-Luis-Astorgas.mp3'>Conciliaci\u00f2n, vacaiones y pacto estrategico aboradaron Alberto Mu\u00f1oz y Luis Astorgas<\/a><\/li><li><a href='https:\/\/sindicato1chuqui.cl\/maqueta\/wp-content\/uploads\/2022\/12\/Alberto-Munoz-se-refiere-al-relanzamiento-del-pacto-estrategico.mp3'>Alberto Mu\u00f1oz se refiere al relanzamiento del pacto estrategico<\/a><\/li><li><a href='https:\/\/sindicato1chuqui.cl\/maqueta\/wp-content\/uploads\/2022\/12\/Dirigentes-se-refieren-a-firma-de-Pacto-Estrategico-1-diciembre-1.mp3'>Dirigentes se refieren a firma de Pacto Estrat\u00e9gico 1 diciembre<\/a><\/li><li><a href='https:\/\/sindicato1chuqui.cl\/maqueta\/wp-content\/uploads\/2022\/12\/Dirigentes-se-refieren-a-firma-de-Pacto-Estrategico-1-diciembre.mp3'>Dirigentes se refieren a firma de Pacto Estrat\u00e9gico 1 diciembre<\/a><\/li><li><a href='https:\/\/sindicato1chuqui.cl\/maqueta\/wp-content\/uploads\/2022\/11\/Alberto-Munoz-se-refiere-a-problematicas-de-hispital-del-cobre-Fuco-y-Gel-28-nov-2022.mp3'>Alberto Mu\u00f1oz se refiere a problem\u00e0ticas de hispital del cobre, Fuco y Gel 28 nov 2022<\/a><\/li><li><a href='https:\/\/sindicato1chuqui.cl\/maqueta\/wp-content\/uploads\/2022\/11\/Dirigentes-analizaron-temas-de-seguridad-Hospital-del-Cobre-y-entrega-de-Reloj-de-oro-21-nov.mp3'>Dirigentes analizaron temas de seguridad, Hospital del Cobre y entrega de Reloj de oro 21 nov<\/a><\/li><li><a href='https:\/\/sindicato1chuqui.cl\/maqueta\/wp-content\/uploads\/2022\/10\/AUD-20221013-WA0002.mp3'>AUD-20221013-WA0002<\/a><\/li><li><a href='https:\/\/sindicato1chuqui.cl\/maqueta\/wp-content\/uploads\/2022\/09\/JORGE-NORIEGA-26-09-2022.mp3'>JORGE NORIEGA &#8211; 26-09-2022<\/a><\/li><li><a href='https:\/\/sindicato1chuqui.cl\/maqueta\/wp-content\/uploads\/2020\/02\/Diputado-Velasquez-se-refiere-a-los-90-anos-de-nuestra-organizacion.mp3'>Diputado Velasquez se refiere a los 90 a\u00f1os de nuestra organizaci\u00f3n<\/a><\/li>\t<\/ol>\n\t<\/noscript>\n\t<script type=\"application\/json\" class=\"wp-playlist-script\">{\"type\":\"audio\",\"tracklist\":true,\"tracknumbers\":true,\"images\":true,\"artists\":true,\"tracks\":[{\"src\":\"https:\\\/\\\/sindicato1chuqui.cl\\\/maqueta\\\/wp-content\\\/uploads\\\/2024\\\/10\\\/Reunion-con-Gerente-Divisional-y-con-los-nuevos-ejecutivos-que-ingresan-a-Chuquicamata-28-Octubre.mp3\",\"type\":\"audio\\\/mpeg\",\"title\":\"Reuni\\u00f3n con Gerente Divisional y con los nuevos ejecutivos que ingresan a Chuquicamata 28 Octubre\",\"caption\":\"\",\"description\":\"\\u00abReuni\\u00f3n con Gerente Divisional y con los nuevos ejecutivos que ingresan a Chuquicamata 28 Octubre\\u00bb.\",\"meta\":{\"length_formatted\":\"7:13\"},\"image\":{\"src\":\"https:\\\/\\\/sindicato1chuqui.cl\\\/maqueta\\\/wp-includes\\\/images\\\/media\\\/audio.svg\",\"width\":48,\"height\":64},\"thumb\":{\"src\":\"https:\\\/\\\/sindicato1chuqui.cl\\\/maqueta\\\/wp-includes\\\/images\\\/media\\\/audio.svg\",\"width\":48,\"height\":64}},{\"src\":\"https:\\\/\\\/sindicato1chuqui.cl\\\/maqueta\\\/wp-content\\\/uploads\\\/2024\\\/10\\\/Directorio-respalda-candidatura-de-Alberto-Munoz-a-Concejal.mp3\",\"type\":\"audio\\\/mpeg\",\"title\":\"Directorio respalda candidatura de Alberto Mu\\u00f1oz a Concejal\",\"caption\":\"\",\"description\":\"\\u00abDirectorio respalda candidatura de Alberto Mu\\u00f1oz a Concejal\\u00bb.\",\"meta\":{\"length_formatted\":\"7:31\"},\"image\":{\"src\":\"https:\\\/\\\/sindicato1chuqui.cl\\\/maqueta\\\/wp-includes\\\/images\\\/media\\\/audio.svg\",\"width\":48,\"height\":64},\"thumb\":{\"src\":\"https:\\\/\\\/sindicato1chuqui.cl\\\/maqueta\\\/wp-includes\\\/images\\\/media\\\/audio.svg\",\"width\":48,\"height\":64}},{\"src\":\"https:\\\/\\\/sindicato1chuqui.cl\\\/maqueta\\\/wp-content\\\/uploads\\\/2024\\\/10\\\/Actividades-relacionadas-al-mes-de-la-salud-mental-y-prevencion-del-cancer-de-mamas-15-octubre.mp3\",\"type\":\"audio\\\/mpeg\",\"title\":\"Actividades relacionadas al mes de la salud mental y prevenci\\u00f3n del c\\u00e1ncer de mamas 15 octubre\",\"caption\":\"\",\"description\":\"\\u00abActividades relacionadas al mes de la salud mental y prevenci\\u00f3n del c\\u00e1ncer de mamas 15 octubre\\u00bb.\",\"meta\":{\"length_formatted\":\"9:57\"},\"image\":{\"src\":\"https:\\\/\\\/sindicato1chuqui.cl\\\/maqueta\\\/wp-includes\\\/images\\\/media\\\/audio.svg\",\"width\":48,\"height\":64},\"thumb\":{\"src\":\"https:\\\/\\\/sindicato1chuqui.cl\\\/maqueta\\\/wp-includes\\\/images\\\/media\\\/audio.svg\",\"width\":48,\"height\":64}},{\"src\":\"https:\\\/\\\/sindicato1chuqui.cl\\\/maqueta\\\/wp-content\\\/uploads\\\/2024\\\/10\\\/Ascensos-pendientes-seran-regularizados-7-octubre.mp3\",\"type\":\"audio\\\/mpeg\",\"title\":\"Ascensos pendientes ser\\u00e1n regularizados 7 octubre\",\"caption\":\"\",\"description\":\"\\u00abAscensos pendientes ser\\u00e1n regularizados 7 octubre\\u00bb.\",\"meta\":{\"length_formatted\":\"22:38\"},\"image\":{\"src\":\"https:\\\/\\\/sindicato1chuqui.cl\\\/maqueta\\\/wp-includes\\\/images\\\/media\\\/audio.svg\",\"width\":48,\"height\":64},\"thumb\":{\"src\":\"https:\\\/\\\/sindicato1chuqui.cl\\\/maqueta\\\/wp-includes\\\/images\\\/media\\\/audio.svg\",\"width\":48,\"height\":64}},{\"src\":\"https:\\\/\\\/sindicato1chuqui.cl\\\/maqueta\\\/wp-content\\\/uploads\\\/2024\\\/09\\\/Hector-Roco-y-Alberto-Munoz-se-refieren-a-la-contingencia-sindical-y-proximas-elecciones-30-septiembre.mp3\",\"type\":\"audio\\\/mpeg\",\"title\":\"H\\u00e9ctor Roco y Alberto Mu\\u00f1oz se refieren a la contingencia sindical y pr\\u00f3ximas elecciones 30 septiembre\",\"caption\":\"\",\"description\":\"\\u00abH\\u00e9ctor Roco y Alberto Mu\\u00f1oz se refieren a la contingencia sindical y pr\\u00f3ximas elecciones 30 septiembre\\u00bb.\",\"meta\":{\"length_formatted\":\"16:18\"},\"image\":{\"src\":\"https:\\\/\\\/sindicato1chuqui.cl\\\/maqueta\\\/wp-includes\\\/images\\\/media\\\/audio.svg\",\"width\":48,\"height\":64},\"thumb\":{\"src\":\"https:\\\/\\\/sindicato1chuqui.cl\\\/maqueta\\\/wp-includes\\\/images\\\/media\\\/audio.svg\",\"width\":48,\"height\":64}},{\"src\":\"https:\\\/\\\/sindicato1chuqui.cl\\\/maqueta\\\/wp-content\\\/uploads\\\/2024\\\/09\\\/Alberto-Munos-se-refiere-a-la-falta-de-dotacion-y-la-falencia-en-la-entrega-de-ascensos-23-septiembre.mp3\",\"type\":\"audio\\\/mpeg\",\"title\":\"Alberto Mu\\u00f1os se refiere a la falta de dotaci\\u00f3n y la falencia en la entrega de ascensos 23 septiembre\",\"caption\":\"\",\"description\":\"\\u00abAlberto Mu\\u00f1os se refiere a la falta de dotaci\\u00f3n y la falencia en la entrega de ascensos 23 septiembre\\u00bb.\",\"meta\":{\"length_formatted\":\"24:22\"},\"image\":{\"src\":\"https:\\\/\\\/sindicato1chuqui.cl\\\/maqueta\\\/wp-includes\\\/images\\\/media\\\/audio.svg\",\"width\":48,\"height\":64},\"thumb\":{\"src\":\"https:\\\/\\\/sindicato1chuqui.cl\\\/maqueta\\\/wp-includes\\\/images\\\/media\\\/audio.svg\",\"width\":48,\"height\":64}},{\"src\":\"https:\\\/\\\/sindicato1chuqui.cl\\\/maqueta\\\/wp-content\\\/uploads\\\/2024\\\/08\\\/Directorio-realizara-jornada-de-Trabajo-en-Mina-Chuquicamata-12-gosto.mp3\",\"type\":\"audio\\\/mpeg\",\"title\":\"Directorio realizar\\u00e1 jornada de Trabajo en Mina Chuquicamata 12 gosto\",\"caption\":\"\",\"description\":\"\\u00abDirectorio realizar\\u00e1 jornada de Trabajo en Mina Chuquicamata 12 gosto\\u00bb.\",\"meta\":{\"length_formatted\":\"13:40\"},\"image\":{\"src\":\"https:\\\/\\\/sindicato1chuqui.cl\\\/maqueta\\\/wp-includes\\\/images\\\/media\\\/audio.svg\",\"width\":48,\"height\":64},\"thumb\":{\"src\":\"https:\\\/\\\/sindicato1chuqui.cl\\\/maqueta\\\/wp-includes\\\/images\\\/media\\\/audio.svg\",\"width\":48,\"height\":64}},{\"src\":\"https:\\\/\\\/sindicato1chuqui.cl\\\/maqueta\\\/wp-content\\\/uploads\\\/2024\\\/07\\\/Nuevo-gerente-Visito-Sindicato-N\\u00b01.mp3\",\"type\":\"audio\\\/mpeg\",\"title\":\"Nuevo gerente Visit\\u00f3 Sindicato N\\u00b01\",\"caption\":\"\",\"description\":\"\\u00abNuevo gerente Visit\\u00f3 Sindicato N\\u00b01\\u00bb.\",\"meta\":{\"length_formatted\":\"7:38\"},\"image\":{\"src\":\"https:\\\/\\\/sindicato1chuqui.cl\\\/maqueta\\\/wp-includes\\\/images\\\/media\\\/audio.svg\",\"width\":48,\"height\":64},\"thumb\":{\"src\":\"https:\\\/\\\/sindicato1chuqui.cl\\\/maqueta\\\/wp-includes\\\/images\\\/media\\\/audio.svg\",\"width\":48,\"height\":64}},{\"src\":\"https:\\\/\\\/sindicato1chuqui.cl\\\/maqueta\\\/wp-content\\\/uploads\\\/2024\\\/07\\\/Ivan-Soto-y-Javier-Perez-se-refieren-a-los-50-anos-del-Centro-Odontologico.mp3\",\"type\":\"audio\\\/mpeg\",\"title\":\"Ivan Soto y Javier Perez, se refieren a los 50 a\\u00f1os del Centro Odontologico\",\"caption\":\"\",\"description\":\"\\u00abIvan Soto y Javier Perez, se refieren a los 50 a\\u00f1os del Centro Odontologico\\u00bb.\",\"meta\":{\"length_formatted\":\"13:02\"},\"image\":{\"src\":\"https:\\\/\\\/sindicato1chuqui.cl\\\/maqueta\\\/wp-includes\\\/images\\\/media\\\/audio.svg\",\"width\":48,\"height\":64},\"thumb\":{\"src\":\"https:\\\/\\\/sindicato1chuqui.cl\\\/maqueta\\\/wp-includes\\\/images\\\/media\\\/audio.svg\",\"width\":48,\"height\":64}},{\"src\":\"https:\\\/\\\/sindicato1chuqui.cl\\\/maqueta\\\/wp-content\\\/uploads\\\/2024\\\/07\\\/Hector-Roco-saluda-a-Centro-Odontologico-en-su-aniversario-y-detalla-agenda-semanal.mp3\",\"type\":\"audio\\\/mpeg\",\"title\":\"H\\u00e9ctor Roco saluda a Centro Odontol\\u00f3gico en su aniversario y detalla agenda semanal\",\"caption\":\"\",\"description\":\"\\u00abH\\u00e9ctor Roco saluda a Centro Odontol\\u00f3gico en su aniversario y detalla agenda semanal\\u00bb.\",\"meta\":{\"length_formatted\":\"10:41\"},\"image\":{\"src\":\"https:\\\/\\\/sindicato1chuqui.cl\\\/maqueta\\\/wp-includes\\\/images\\\/media\\\/audio.svg\",\"width\":48,\"height\":64},\"thumb\":{\"src\":\"https:\\\/\\\/sindicato1chuqui.cl\\\/maqueta\\\/wp-includes\\\/images\\\/media\\\/audio.svg\",\"width\":48,\"height\":64}},{\"src\":\"https:\\\/\\\/sindicato1chuqui.cl\\\/maqueta\\\/wp-content\\\/uploads\\\/2024\\\/07\\\/Centro-Odontologico-cumple-50-anos-de-vida-2-Julio.mp3\",\"type\":\"audio\\\/mpeg\",\"title\":\"Centro Odontol\\u00f3gico cumple 50 a\\u00f1os de vida 2 Julio\",\"caption\":\"\",\"description\":\"\\u00abCentro Odontol\\u00f3gico cumple 50 a\\u00f1os de vida 2 Julio\\u00bb.\",\"meta\":{\"length_formatted\":\"16:03\"},\"image\":{\"src\":\"https:\\\/\\\/sindicato1chuqui.cl\\\/maqueta\\\/wp-includes\\\/images\\\/media\\\/audio.svg\",\"width\":48,\"height\":64},\"thumb\":{\"src\":\"https:\\\/\\\/sindicato1chuqui.cl\\\/maqueta\\\/wp-includes\\\/images\\\/media\\\/audio.svg\",\"width\":48,\"height\":64}},{\"src\":\"https:\\\/\\\/sindicato1chuqui.cl\\\/maqueta\\\/wp-content\\\/uploads\\\/2024\\\/06\\\/MARGOT-FERNANDEZ-Y-ALBERTO-MUNOZ-DAN-A-CONOCER-SITUACION-DE-LA-GEL-17-JUN.mp3\",\"type\":\"audio\\\/mpeg\",\"title\":\"MARGOT FERNANDEZ Y ALBERTO MU\\u00d1OZ DAN A CONOCER SITUACION DE LA GEL 17 JUN\",\"caption\":\"\",\"description\":\"\\u00abMARGOT FERNANDEZ Y ALBERTO MU\\u00d1OZ DAN A CONOCER SITUACION DE LA GEL 17 JUN\\u00bb.\",\"meta\":{\"length_formatted\":\"21:13\"},\"image\":{\"src\":\"https:\\\/\\\/sindicato1chuqui.cl\\\/maqueta\\\/wp-includes\\\/images\\\/media\\\/audio.svg\",\"width\":48,\"height\":64},\"thumb\":{\"src\":\"https:\\\/\\\/sindicato1chuqui.cl\\\/maqueta\\\/wp-includes\\\/images\\\/media\\\/audio.svg\",\"width\":48,\"height\":64}},{\"src\":\"https:\\\/\\\/sindicato1chuqui.cl\\\/maqueta\\\/wp-content\\\/uploads\\\/2024\\\/06\\\/Socios-aprovaron-balance-y-presupuesto-13-junio-2024.mp3\",\"type\":\"audio\\\/mpeg\",\"title\":\"Socios aprovaron balance y presupuesto 13 junio 2024\",\"caption\":\"\",\"description\":\"\\u00abSocios aprovaron balance y presupuesto 13 junio 2024\\u00bb.\",\"meta\":{\"length_formatted\":\"17:50\"},\"image\":{\"src\":\"https:\\\/\\\/sindicato1chuqui.cl\\\/maqueta\\\/wp-includes\\\/images\\\/media\\\/audio.svg\",\"width\":48,\"height\":64},\"thumb\":{\"src\":\"https:\\\/\\\/sindicato1chuqui.cl\\\/maqueta\\\/wp-includes\\\/images\\\/media\\\/audio.svg\",\"width\":48,\"height\":64}},{\"src\":\"https:\\\/\\\/sindicato1chuqui.cl\\\/maqueta\\\/wp-content\\\/uploads\\\/2024\\\/05\\\/Alberto-Munoz-se-refiere-a-la-contingrencia-sindical-y-otros-28-mayo.mp3\",\"type\":\"audio\\\/mpeg\",\"title\":\"Alberto Mu\\u00f1oz se refiere a la contingrencia sindical y otros 28 mayo\",\"caption\":\"\",\"description\":\"\\u00abAlberto Mu\\u00f1oz se refiere a la contingrencia sindical y otros 28 mayo\\u00bb.\",\"meta\":{\"length_formatted\":\"17:06\"},\"image\":{\"src\":\"https:\\\/\\\/sindicato1chuqui.cl\\\/maqueta\\\/wp-includes\\\/images\\\/media\\\/audio.svg\",\"width\":48,\"height\":64},\"thumb\":{\"src\":\"https:\\\/\\\/sindicato1chuqui.cl\\\/maqueta\\\/wp-includes\\\/images\\\/media\\\/audio.svg\",\"width\":48,\"height\":64}},{\"src\":\"https:\\\/\\\/sindicato1chuqui.cl\\\/maqueta\\\/wp-content\\\/uploads\\\/2024\\\/04\\\/Despacho-26-abril-radio-carillon.mp3\",\"type\":\"audio\\\/mpeg\",\"title\":\"Despacho 26 abril radio carillon\",\"caption\":\"\",\"description\":\"\\u00abDespacho 26 abril radio carillon\\u00bb.\",\"meta\":{\"length_formatted\":\"20:00\"},\"image\":{\"src\":\"https:\\\/\\\/sindicato1chuqui.cl\\\/maqueta\\\/wp-includes\\\/images\\\/media\\\/audio.svg\",\"width\":48,\"height\":64},\"thumb\":{\"src\":\"https:\\\/\\\/sindicato1chuqui.cl\\\/maqueta\\\/wp-includes\\\/images\\\/media\\\/audio.svg\",\"width\":48,\"height\":64}},{\"src\":\"https:\\\/\\\/sindicato1chuqui.cl\\\/maqueta\\\/wp-content\\\/uploads\\\/2024\\\/04\\\/25-abril-completo-1.mp3\",\"type\":\"audio\\\/mpeg\",\"title\":\"25 abril completo\",\"caption\":\"\",\"description\":\"\\u00ab25 abril completo\\u00bb.\",\"meta\":{\"length_formatted\":\"24:07\"},\"image\":{\"src\":\"https:\\\/\\\/sindicato1chuqui.cl\\\/maqueta\\\/wp-includes\\\/images\\\/media\\\/audio.svg\",\"width\":48,\"height\":64},\"thumb\":{\"src\":\"https:\\\/\\\/sindicato1chuqui.cl\\\/maqueta\\\/wp-includes\\\/images\\\/media\\\/audio.svg\",\"width\":48,\"height\":64}},{\"src\":\"https:\\\/\\\/sindicato1chuqui.cl\\\/maqueta\\\/wp-content\\\/uploads\\\/2024\\\/04\\\/25-abril-completo.mp3\",\"type\":\"audio\\\/mpeg\",\"title\":\"25 abril completo\",\"caption\":\"\",\"description\":\"\\u00ab25 abril completo\\u00bb.\",\"meta\":{\"length_formatted\":\"24:07\"},\"image\":{\"src\":\"https:\\\/\\\/sindicato1chuqui.cl\\\/maqueta\\\/wp-includes\\\/images\\\/media\\\/audio.svg\",\"width\":48,\"height\":64},\"thumb\":{\"src\":\"https:\\\/\\\/sindicato1chuqui.cl\\\/maqueta\\\/wp-includes\\\/images\\\/media\\\/audio.svg\",\"width\":48,\"height\":64}},{\"src\":\"https:\\\/\\\/sindicato1chuqui.cl\\\/maqueta\\\/wp-content\\\/uploads\\\/2024\\\/04\\\/inicio.mp3\",\"type\":\"audio\\\/mpeg\",\"title\":\"inicio\",\"caption\":\"\",\"description\":\"\\u00abinicio\\u00bb.\",\"meta\":{\"length_formatted\":\"16:46\"},\"image\":{\"src\":\"https:\\\/\\\/sindicato1chuqui.cl\\\/maqueta\\\/wp-includes\\\/images\\\/media\\\/audio.svg\",\"width\":48,\"height\":64},\"thumb\":{\"src\":\"https:\\\/\\\/sindicato1chuqui.cl\\\/maqueta\\\/wp-includes\\\/images\\\/media\\\/audio.svg\",\"width\":48,\"height\":64}},{\"src\":\"https:\\\/\\\/sindicato1chuqui.cl\\\/maqueta\\\/wp-content\\\/uploads\\\/2024\\\/04\\\/Despacho-Inauguracion-Congreso-23-abril-2024.mp3\",\"type\":\"audio\\\/mpeg\",\"title\":\"Despacho Inauguracion Congreso 23 abril 2024\",\"caption\":\"\",\"description\":\"\\u00abDespacho Inauguracion Congreso 23 abril 2024\\u00bb. Lanzamiento: 2024.\",\"meta\":{\"year\":\"2024\",\"length_formatted\":\"15:10\"},\"image\":{\"src\":\"https:\\\/\\\/sindicato1chuqui.cl\\\/maqueta\\\/wp-includes\\\/images\\\/media\\\/audio.svg\",\"width\":48,\"height\":64},\"thumb\":{\"src\":\"https:\\\/\\\/sindicato1chuqui.cl\\\/maqueta\\\/wp-includes\\\/images\\\/media\\\/audio.svg\",\"width\":48,\"height\":64}},{\"src\":\"https:\\\/\\\/sindicato1chuqui.cl\\\/maqueta\\\/wp-content\\\/uploads\\\/2024\\\/04\\\/Comienza-asoria-operacion-renta-8-Jaime-Graz-abril.mp3\",\"type\":\"audio\\\/mpeg\",\"title\":\"Comienza asoria operacion renta 8 Jaime Graz abril\",\"caption\":\"\",\"description\":\"\\u00abComienza asoria operacion renta 8 Jaime Graz abril\\u00bb.\",\"meta\":{\"length_formatted\":\"15:58\"},\"image\":{\"src\":\"https:\\\/\\\/sindicato1chuqui.cl\\\/maqueta\\\/wp-includes\\\/images\\\/media\\\/audio.svg\",\"width\":48,\"height\":64},\"thumb\":{\"src\":\"https:\\\/\\\/sindicato1chuqui.cl\\\/maqueta\\\/wp-includes\\\/images\\\/media\\\/audio.svg\",\"width\":48,\"height\":64}},{\"src\":\"https:\\\/\\\/sindicato1chuqui.cl\\\/maqueta\\\/wp-content\\\/uploads\\\/2024\\\/04\\\/El-Hospital-no-se-vende-comite-paritario-Alberto-Munoz-8-Abril.mp3\",\"type\":\"audio\\\/mpeg\",\"title\":\"El Hospital no se vende, comite paritario Alberto Mu\\u00f1oz 8 Abril\",\"caption\":\"\",\"description\":\"\\u00abEl Hospital no se vende, comite paritario Alberto Mu\\u00f1oz 8 Abril\\u00bb.\",\"meta\":{\"length_formatted\":\"13:06\"},\"image\":{\"src\":\"https:\\\/\\\/sindicato1chuqui.cl\\\/maqueta\\\/wp-includes\\\/images\\\/media\\\/audio.svg\",\"width\":48,\"height\":64},\"thumb\":{\"src\":\"https:\\\/\\\/sindicato1chuqui.cl\\\/maqueta\\\/wp-includes\\\/images\\\/media\\\/audio.svg\",\"width\":48,\"height\":64}},{\"src\":\"https:\\\/\\\/sindicato1chuqui.cl\\\/maqueta\\\/wp-content\\\/uploads\\\/2024\\\/03\\\/Dia-Mundial-Salud-Bucal.mp3\",\"type\":\"audio\\\/mpeg\",\"title\":\"Dia Mundial Salud Bucal\",\"caption\":\"\",\"description\":\"\\u00abDia Mundial Salud Bucal\\u00bb.\",\"meta\":{\"length_formatted\":\"23:01\"},\"image\":{\"src\":\"https:\\\/\\\/sindicato1chuqui.cl\\\/maqueta\\\/wp-includes\\\/images\\\/media\\\/audio.svg\",\"width\":48,\"height\":64},\"thumb\":{\"src\":\"https:\\\/\\\/sindicato1chuqui.cl\\\/maqueta\\\/wp-includes\\\/images\\\/media\\\/audio.svg\",\"width\":48,\"height\":64}},{\"src\":\"https:\\\/\\\/sindicato1chuqui.cl\\\/maqueta\\\/wp-content\\\/uploads\\\/2023\\\/12\\\/Hecto-Roco-asume-la-presiencia-de-la-FTC.mp3\",\"type\":\"audio\\\/mpeg\",\"title\":\"H\\u00e9cto Roco asume la presiencia de la FTC\",\"caption\":\"\",\"description\":\"\\u00abH\\u00e9cto Roco asume la presiencia de la FTC\\u00bb.\",\"meta\":{\"length_formatted\":\"11:25\"},\"image\":{\"src\":\"https:\\\/\\\/sindicato1chuqui.cl\\\/maqueta\\\/wp-includes\\\/images\\\/media\\\/audio.svg\",\"width\":48,\"height\":64},\"thumb\":{\"src\":\"https:\\\/\\\/sindicato1chuqui.cl\\\/maqueta\\\/wp-includes\\\/images\\\/media\\\/audio.svg\",\"width\":48,\"height\":64}},{\"src\":\"https:\\\/\\\/sindicato1chuqui.cl\\\/maqueta\\\/wp-content\\\/uploads\\\/2023\\\/12\\\/Siguen-las-dificultades-en-torno-al-tema-remuneracional-7-diciembre.mp3\",\"type\":\"audio\\\/mpeg\",\"title\":\"Siguen las dificultades en torno al tema remuneracional 7 diciembre\",\"caption\":\"\",\"description\":\"\\u00abSiguen las dificultades en torno al tema remuneracional 7 diciembre\\u00bb.\",\"meta\":{\"length_formatted\":\"23:23\"},\"image\":{\"src\":\"https:\\\/\\\/sindicato1chuqui.cl\\\/maqueta\\\/wp-includes\\\/images\\\/media\\\/audio.svg\",\"width\":48,\"height\":64},\"thumb\":{\"src\":\"https:\\\/\\\/sindicato1chuqui.cl\\\/maqueta\\\/wp-includes\\\/images\\\/media\\\/audio.svg\",\"width\":48,\"height\":64}},{\"src\":\"https:\\\/\\\/sindicato1chuqui.cl\\\/maqueta\\\/wp-content\\\/uploads\\\/2023\\\/11\\\/Problemas-en-el-Laboratorio-Quimico-y-Fundicion-preocupan-a-los-trabajadores-6-nov.mp3\",\"type\":\"audio\\\/mpeg\",\"title\":\"Problemas en el Laboratorio Qu\\u00edmico y Fundici\\u00f3n preocupan a los trabajadores 6 nov\",\"caption\":\"\",\"description\":\"\\u00abProblemas en el Laboratorio Qu\\u00edmico y Fundici\\u00f3n preocupan a los trabajadores 6 nov\\u00bb.\",\"meta\":{\"length_formatted\":\"14:25\"},\"image\":{\"src\":\"https:\\\/\\\/sindicato1chuqui.cl\\\/maqueta\\\/wp-includes\\\/images\\\/media\\\/audio.svg\",\"width\":48,\"height\":64},\"thumb\":{\"src\":\"https:\\\/\\\/sindicato1chuqui.cl\\\/maqueta\\\/wp-includes\\\/images\\\/media\\\/audio.svg\",\"width\":48,\"height\":64}},{\"src\":\"https:\\\/\\\/sindicato1chuqui.cl\\\/maqueta\\\/wp-content\\\/uploads\\\/2023\\\/11\\\/Sindicato-se-reunio-con-Diputado-Jaime-Araya.mp3\",\"type\":\"audio\\\/mpeg\",\"title\":\"Sindicato se reunio con Diputado Jaime Araya\",\"caption\":\"\",\"description\":\"\\u00abSindicato se reunio con Diputado Jaime Araya\\u00bb.\",\"meta\":{\"length_formatted\":\"9:29\"},\"image\":{\"src\":\"https:\\\/\\\/sindicato1chuqui.cl\\\/maqueta\\\/wp-includes\\\/images\\\/media\\\/audio.svg\",\"width\":48,\"height\":64},\"thumb\":{\"src\":\"https:\\\/\\\/sindicato1chuqui.cl\\\/maqueta\\\/wp-includes\\\/images\\\/media\\\/audio.svg\",\"width\":48,\"height\":64}},{\"src\":\"https:\\\/\\\/sindicato1chuqui.cl\\\/maqueta\\\/wp-content\\\/uploads\\\/2023\\\/10\\\/Dirigentes-analizaron-temas-sindicales-de-los-ultimos-dias-6-octubre.mp3\",\"type\":\"audio\\\/mpeg\",\"title\":\"Dirigentes analizaron temas sindicales de los \\u00faltimos d\\u00edas 6 octubre\",\"caption\":\"\",\"description\":\"\\u00abDirigentes analizaron temas sindicales de los \\u00faltimos d\\u00edas 6 octubre\\u00bb.\",\"meta\":{\"length_formatted\":\"28:26\"},\"image\":{\"src\":\"https:\\\/\\\/sindicato1chuqui.cl\\\/maqueta\\\/wp-includes\\\/images\\\/media\\\/audio.svg\",\"width\":48,\"height\":64},\"thumb\":{\"src\":\"https:\\\/\\\/sindicato1chuqui.cl\\\/maqueta\\\/wp-includes\\\/images\\\/media\\\/audio.svg\",\"width\":48,\"height\":64}},{\"src\":\"https:\\\/\\\/sindicato1chuqui.cl\\\/maqueta\\\/wp-content\\\/uploads\\\/2023\\\/09\\\/Dirigentes-manifiestan-preocupacion-por-reiteradas-deficiencias-12-sep.mp3\",\"type\":\"audio\\\/mpeg\",\"title\":\"Dirigentes manifiestan preocupaci\\u00f3n por reiteradas deficiencias 12 sep\",\"caption\":\"\",\"description\":\"\\u00abDirigentes manifiestan preocupaci\\u00f3n por reiteradas deficiencias 12 sep\\u00bb.\",\"meta\":{\"length_formatted\":\"34:58\"},\"image\":{\"src\":\"https:\\\/\\\/sindicato1chuqui.cl\\\/maqueta\\\/wp-includes\\\/images\\\/media\\\/audio.svg\",\"width\":48,\"height\":64},\"thumb\":{\"src\":\"https:\\\/\\\/sindicato1chuqui.cl\\\/maqueta\\\/wp-includes\\\/images\\\/media\\\/audio.svg\",\"width\":48,\"height\":64}},{\"src\":\"https:\\\/\\\/sindicato1chuqui.cl\\\/maqueta\\\/wp-content\\\/uploads\\\/2023\\\/08\\\/Coltauco-espera-por-la-ayuda-de-mineros.mp3\",\"type\":\"audio\\\/mpeg\",\"title\":\"Coltauco espera por la ayuda de mineros\",\"caption\":\"\",\"description\":\"\\u00abColtauco espera por la ayuda de mineros\\u00bb.\",\"meta\":{\"length_formatted\":\"10:10\"},\"image\":{\"src\":\"https:\\\/\\\/sindicato1chuqui.cl\\\/maqueta\\\/wp-includes\\\/images\\\/media\\\/audio.svg\",\"width\":48,\"height\":64},\"thumb\":{\"src\":\"https:\\\/\\\/sindicato1chuqui.cl\\\/maqueta\\\/wp-includes\\\/images\\\/media\\\/audio.svg\",\"width\":48,\"height\":64}},{\"src\":\"https:\\\/\\\/sindicato1chuqui.cl\\\/maqueta\\\/wp-content\\\/uploads\\\/2023\\\/08\\\/Presidente-del-Sinidcato-N\\u00b01-da-inicio-a-campana-sol-de-esperanza-juntos-por-el-sur.mp3\",\"type\":\"audio\\\/mpeg\",\"title\":\"Presidente del Sinidcato N\\u00b01 da inicio a campa\\u00f1a sol de esperanza, juntos por el sur\",\"caption\":\"\",\"description\":\"\\u00abPresidente del Sinidcato N\\u00b01 da inicio a campa\\u00f1a sol de esperanza, juntos por el sur\\u00bb.\",\"meta\":{\"length_formatted\":\"11:26\"},\"image\":{\"src\":\"https:\\\/\\\/sindicato1chuqui.cl\\\/maqueta\\\/wp-includes\\\/images\\\/media\\\/audio.svg\",\"width\":48,\"height\":64},\"thumb\":{\"src\":\"https:\\\/\\\/sindicato1chuqui.cl\\\/maqueta\\\/wp-includes\\\/images\\\/media\\\/audio.svg\",\"width\":48,\"height\":64}},{\"src\":\"https:\\\/\\\/sindicato1chuqui.cl\\\/maqueta\\\/wp-content\\\/uploads\\\/2023\\\/08\\\/Presidente-del-Sinidcato-1-saluda-a-los-mineros-as-en-su-dia-10-agosto.mp3\",\"type\":\"audio\\\/mpeg\",\"title\":\"Presidente del Sinidcato 1 saluda a los mineros (as) en su d\\u00eda 10 agosto\",\"caption\":\"\",\"description\":\"\\u00abPresidente del Sinidcato 1 saluda a los mineros (as) en su d\\u00eda 10 agosto\\u00bb.\",\"meta\":{\"length_formatted\":\"9:27\"},\"image\":{\"src\":\"https:\\\/\\\/sindicato1chuqui.cl\\\/maqueta\\\/wp-includes\\\/images\\\/media\\\/audio.svg\",\"width\":48,\"height\":64},\"thumb\":{\"src\":\"https:\\\/\\\/sindicato1chuqui.cl\\\/maqueta\\\/wp-includes\\\/images\\\/media\\\/audio.svg\",\"width\":48,\"height\":64}},{\"src\":\"https:\\\/\\\/sindicato1chuqui.cl\\\/maqueta\\\/wp-content\\\/uploads\\\/2023\\\/08\\\/Sobre-asaltos-a-trabajadores-entrega-de-Reloj-de-Oro-y-mas-analizaron-dirigentes-sindicales-9-agosto.mp3\",\"type\":\"audio\\\/mpeg\",\"title\":\"Sobre asaltos a trabajadores, entrega de Reloj de Oro y m\\u00e1s analizaron dirigentes sindicales 9 agosto\",\"caption\":\"\",\"description\":\"\\u00abSobre asaltos a trabajadores, entrega de Reloj de Oro y m\\u00e1s analizaron dirigentes sindicales 9 agosto\\u00bb.\",\"meta\":{\"length_formatted\":\"27:12\"},\"image\":{\"src\":\"https:\\\/\\\/sindicato1chuqui.cl\\\/maqueta\\\/wp-includes\\\/images\\\/media\\\/audio.svg\",\"width\":48,\"height\":64},\"thumb\":{\"src\":\"https:\\\/\\\/sindicato1chuqui.cl\\\/maqueta\\\/wp-includes\\\/images\\\/media\\\/audio.svg\",\"width\":48,\"height\":64}},{\"src\":\"https:\\\/\\\/sindicato1chuqui.cl\\\/maqueta\\\/wp-content\\\/uploads\\\/2023\\\/07\\\/David-Bernal-se-refirio-a-anomalias-en-el-pago-de-bono-especial-de-vacaciones-rechazo-de-licencias-medicas-y-pago-de-becas-13-julio.mp3\",\"type\":\"audio\\\/mpeg\",\"title\":\"David Bernal se refiri\\u00f3 a anomal\\u00edas en el pago de bono especial de vacaciones, rechazo de licencias medicas y pago de becas 13 julio\",\"caption\":\"\",\"description\":\"\\u00abDavid Bernal se refiri\\u00f3 a anomal\\u00edas en el pago de bono especial de vacaciones, rechazo de licencias medicas y pago de becas 13 julio\\u00bb.\",\"meta\":{\"length_formatted\":\"8:50\"},\"image\":{\"src\":\"https:\\\/\\\/sindicato1chuqui.cl\\\/maqueta\\\/wp-includes\\\/images\\\/media\\\/audio.svg\",\"width\":48,\"height\":64},\"thumb\":{\"src\":\"https:\\\/\\\/sindicato1chuqui.cl\\\/maqueta\\\/wp-includes\\\/images\\\/media\\\/audio.svg\",\"width\":48,\"height\":64}},{\"src\":\"https:\\\/\\\/sindicato1chuqui.cl\\\/maqueta\\\/wp-content\\\/uploads\\\/2023\\\/07\\\/Hector-Roco-se-refiere-a-la-conmemoracion-de-los-52-anos-de-la-Nacionalizacion-del-Cobre-11-julio.mp3\",\"type\":\"audio\\\/mpeg\",\"title\":\"H\\u00e9ctor Roco se refiere a la conmemoraci\\u00f3n de los 52 a\\u00f1os de la Nacionalizaci\\u00f3n del Cobre 11 julio\",\"caption\":\"\",\"description\":\"\\u00abH\\u00e9ctor Roco se refiere a la conmemoraci\\u00f3n de los 52 a\\u00f1os de la Nacionalizaci\\u00f3n del Cobre 11 julio\\u00bb.\",\"meta\":{\"length_formatted\":\"12:23\"},\"image\":{\"src\":\"https:\\\/\\\/sindicato1chuqui.cl\\\/maqueta\\\/wp-includes\\\/images\\\/media\\\/audio.svg\",\"width\":48,\"height\":64},\"thumb\":{\"src\":\"https:\\\/\\\/sindicato1chuqui.cl\\\/maqueta\\\/wp-includes\\\/images\\\/media\\\/audio.svg\",\"width\":48,\"height\":64}},{\"src\":\"https:\\\/\\\/sindicato1chuqui.cl\\\/maqueta\\\/wp-content\\\/uploads\\\/2023\\\/07\\\/Presidente-del-Directorio-de-Codelco-y-Presidente-Ejecutivo-se-reunieron-con-representantes-del-Sindicato-N\\u00b01.mp3\",\"type\":\"audio\\\/mpeg\",\"title\":\"Presidente del Directorio de Codelco y Presidente Ejecutivo se reunieron con representantes del Sindicato N\\u00b01\",\"caption\":\"\",\"description\":\"\\u00abPresidente del Directorio de Codelco y Presidente Ejecutivo se reunieron con representantes del Sindicato N\\u00b01\\u00bb.\",\"meta\":{\"length_formatted\":\"9:48\"},\"image\":{\"src\":\"https:\\\/\\\/sindicato1chuqui.cl\\\/maqueta\\\/wp-includes\\\/images\\\/media\\\/audio.svg\",\"width\":48,\"height\":64},\"thumb\":{\"src\":\"https:\\\/\\\/sindicato1chuqui.cl\\\/maqueta\\\/wp-includes\\\/images\\\/media\\\/audio.svg\",\"width\":48,\"height\":64}},{\"src\":\"https:\\\/\\\/sindicato1chuqui.cl\\\/maqueta\\\/wp-content\\\/uploads\\\/2023\\\/07\\\/Inconvenientes-en-el-sistema-de-transportes-3-julio.mp3\",\"type\":\"audio\\\/mpeg\",\"title\":\"Inconvenientes en el sistema de transportes 3 julio\",\"caption\":\"\",\"description\":\"\\u00abInconvenientes en el sistema de transportes 3 julio\\u00bb.\",\"meta\":{\"length_formatted\":\"19:05\"},\"image\":{\"src\":\"https:\\\/\\\/sindicato1chuqui.cl\\\/maqueta\\\/wp-includes\\\/images\\\/media\\\/audio.svg\",\"width\":48,\"height\":64},\"thumb\":{\"src\":\"https:\\\/\\\/sindicato1chuqui.cl\\\/maqueta\\\/wp-includes\\\/images\\\/media\\\/audio.svg\",\"width\":48,\"height\":64}},{\"src\":\"https:\\\/\\\/sindicato1chuqui.cl\\\/maqueta\\\/wp-content\\\/uploads\\\/2023\\\/06\\\/Dirigentes-denuncian-malos-tratos-en-Hospital-del-Cobre-22-junio.mp3\",\"type\":\"audio\\\/mpeg\",\"title\":\"Dirigentes denuncian malos tratos en Hospital del Cobre 22 junio\",\"caption\":\"\",\"description\":\"\\u00abDirigentes denuncian malos tratos en Hospital del Cobre 22 junio\\u00bb.\",\"meta\":{\"length_formatted\":\"30:30\"},\"image\":{\"src\":\"https:\\\/\\\/sindicato1chuqui.cl\\\/maqueta\\\/wp-includes\\\/images\\\/media\\\/audio.svg\",\"width\":48,\"height\":64},\"thumb\":{\"src\":\"https:\\\/\\\/sindicato1chuqui.cl\\\/maqueta\\\/wp-includes\\\/images\\\/media\\\/audio.svg\",\"width\":48,\"height\":64}},{\"src\":\"https:\\\/\\\/sindicato1chuqui.cl\\\/maqueta\\\/wp-content\\\/uploads\\\/2023\\\/06\\\/Presiente-del-Sindicato-evalua-primer-encuentro-con-la-administracion-divisional-5-junio-2023.mp3\",\"type\":\"audio\\\/mpeg\",\"title\":\"Presiente del Sindicato eval\\u00faa primer encuentro con la administraci\\u00f3n divisional 5 junio 2023\",\"caption\":\"\",\"description\":\"\\u00abPresiente del Sindicato eval\\u00faa primer encuentro con la administraci\\u00f3n divisional 5 junio 2023\\u00bb.\",\"meta\":{\"length_formatted\":\"19:59\"},\"image\":{\"src\":\"https:\\\/\\\/sindicato1chuqui.cl\\\/maqueta\\\/wp-includes\\\/images\\\/media\\\/audio.svg\",\"width\":48,\"height\":64},\"thumb\":{\"src\":\"https:\\\/\\\/sindicato1chuqui.cl\\\/maqueta\\\/wp-includes\\\/images\\\/media\\\/audio.svg\",\"width\":48,\"height\":64}},{\"src\":\"https:\\\/\\\/sindicato1chuqui.cl\\\/maqueta\\\/wp-content\\\/uploads\\\/2023\\\/05\\\/Hector-Roco-se-refiere-a-proceso-eleccionario-25-mayo.mp3\",\"type\":\"audio\\\/mpeg\",\"title\":\"Hector Roco se refiere a proceso eleccionario 25 mayo\",\"caption\":\"\",\"description\":\"\\u00abHector Roco se refiere a proceso eleccionario 25 mayo\\u00bb.\",\"meta\":{\"length_formatted\":\"21:48\"},\"image\":{\"src\":\"https:\\\/\\\/sindicato1chuqui.cl\\\/maqueta\\\/wp-includes\\\/images\\\/media\\\/audio.svg\",\"width\":48,\"height\":64},\"thumb\":{\"src\":\"https:\\\/\\\/sindicato1chuqui.cl\\\/maqueta\\\/wp-includes\\\/images\\\/media\\\/audio.svg\",\"width\":48,\"height\":64}},{\"src\":\"https:\\\/\\\/sindicato1chuqui.cl\\\/maqueta\\\/wp-content\\\/uploads\\\/2023\\\/05\\\/Sindicato-cumple-a-cabalidad-con-el-pago-de-Fondos-de-Retiro-9-mayo.mp3\",\"type\":\"audio\\\/mpeg\",\"title\":\"Sindicato cumple a cabalidad con el pago de Fondos de Retiro 9 mayo\",\"caption\":\"\",\"description\":\"\\u00abSindicato cumple a cabalidad con el pago de Fondos de Retiro 9 mayo\\u00bb.\",\"meta\":{\"length_formatted\":\"12:15\"},\"image\":{\"src\":\"https:\\\/\\\/sindicato1chuqui.cl\\\/maqueta\\\/wp-includes\\\/images\\\/media\\\/audio.svg\",\"width\":48,\"height\":64},\"thumb\":{\"src\":\"https:\\\/\\\/sindicato1chuqui.cl\\\/maqueta\\\/wp-includes\\\/images\\\/media\\\/audio.svg\",\"width\":48,\"height\":64}},{\"src\":\"https:\\\/\\\/sindicato1chuqui.cl\\\/maqueta\\\/wp-content\\\/uploads\\\/2023\\\/05\\\/Dirigentes-acusan-trato-indebido-por-parte-de-supervisor-8-mayo.mp3\",\"type\":\"audio\\\/mpeg\",\"title\":\"Dirigentes acusan trato indebido por parte de supervisor 8 mayo\",\"caption\":\"\",\"description\":\"\\u00abDirigentes acusan trato indebido por parte de supervisor 8 mayo\\u00bb.\",\"meta\":{\"length_formatted\":\"13:59\"},\"image\":{\"src\":\"https:\\\/\\\/sindicato1chuqui.cl\\\/maqueta\\\/wp-includes\\\/images\\\/media\\\/audio.svg\",\"width\":48,\"height\":64},\"thumb\":{\"src\":\"https:\\\/\\\/sindicato1chuqui.cl\\\/maqueta\\\/wp-includes\\\/images\\\/media\\\/audio.svg\",\"width\":48,\"height\":64}},{\"src\":\"https:\\\/\\\/sindicato1chuqui.cl\\\/maqueta\\\/wp-content\\\/uploads\\\/2023\\\/04\\\/Se-constituye-Comision-Electoral-27-ab-2023.mp3\",\"type\":\"audio\\\/mpeg\",\"title\":\"Se constituye Comisi\\u00f3n Electoral 27 ab 2023\",\"caption\":\"\",\"description\":\"\\u00abSe constituye Comisi\\u00f3n Electoral 27 ab 2023\\u00bb.\",\"meta\":{\"length_formatted\":\"31:48\"},\"image\":{\"src\":\"https:\\\/\\\/sindicato1chuqui.cl\\\/maqueta\\\/wp-includes\\\/images\\\/media\\\/audio.svg\",\"width\":48,\"height\":64},\"thumb\":{\"src\":\"https:\\\/\\\/sindicato1chuqui.cl\\\/maqueta\\\/wp-includes\\\/images\\\/media\\\/audio.svg\",\"width\":48,\"height\":64}},{\"src\":\"https:\\\/\\\/sindicato1chuqui.cl\\\/maqueta\\\/wp-content\\\/uploads\\\/2023\\\/04\\\/Que-pasa-con-la-entrega-de-ropa-de-invierno-y-lo-EPP-25-abril.mp3\",\"type\":\"audio\\\/mpeg\",\"title\":\"Qu\\u00e9 pasa con la entrega de ropa de invierno y lo EPP 25 abril\",\"caption\":\"\",\"description\":\"\\u00abQu\\u00e9 pasa con la entrega de ropa de invierno y lo EPP 25 abril\\u00bb.\",\"meta\":{\"length_formatted\":\"19:13\"},\"image\":{\"src\":\"https:\\\/\\\/sindicato1chuqui.cl\\\/maqueta\\\/wp-includes\\\/images\\\/media\\\/audio.svg\",\"width\":48,\"height\":64},\"thumb\":{\"src\":\"https:\\\/\\\/sindicato1chuqui.cl\\\/maqueta\\\/wp-includes\\\/images\\\/media\\\/audio.svg\",\"width\":48,\"height\":64}},{\"src\":\"https:\\\/\\\/sindicato1chuqui.cl\\\/maqueta\\\/wp-content\\\/uploads\\\/2023\\\/04\\\/Despacho-Congreso-19-abril.mp3\",\"type\":\"audio\\\/mpeg\",\"title\":\"Despacho Congreso 19 abril\",\"caption\":\"\",\"description\":\"\\u00abDespacho Congreso 19 abril\\u00bb.\",\"meta\":{\"length_formatted\":\"16:25\"},\"image\":{\"src\":\"https:\\\/\\\/sindicato1chuqui.cl\\\/maqueta\\\/wp-includes\\\/images\\\/media\\\/audio.svg\",\"width\":48,\"height\":64},\"thumb\":{\"src\":\"https:\\\/\\\/sindicato1chuqui.cl\\\/maqueta\\\/wp-includes\\\/images\\\/media\\\/audio.svg\",\"width\":48,\"height\":64}},{\"src\":\"https:\\\/\\\/sindicato1chuqui.cl\\\/maqueta\\\/wp-content\\\/uploads\\\/2023\\\/04\\\/Presidente-del-sindicato-No1-se-refiere-intervencionismo-electoral-11-abril-2023.mp3\",\"type\":\"audio\\\/mpeg\",\"title\":\"Presidente del sindicato N\\u00ba1 se refiere intervencionismo electoral 11 abril 2023\",\"caption\":\"\",\"description\":\"\\u00abPresidente del sindicato N\\u00ba1 se refiere intervencionismo electoral 11 abril 2023\\u00bb.\",\"meta\":{\"length_formatted\":\"29:55\"},\"image\":{\"src\":\"https:\\\/\\\/sindicato1chuqui.cl\\\/maqueta\\\/wp-includes\\\/images\\\/media\\\/audio.svg\",\"width\":48,\"height\":64},\"thumb\":{\"src\":\"https:\\\/\\\/sindicato1chuqui.cl\\\/maqueta\\\/wp-includes\\\/images\\\/media\\\/audio.svg\",\"width\":48,\"height\":64}},{\"src\":\"https:\\\/\\\/sindicato1chuqui.cl\\\/maqueta\\\/wp-content\\\/uploads\\\/2023\\\/04\\\/Inquietud-por-bonos-en-la-subterranea-y-preocupacion-en-proteccion-industrial-4-abril.mp3\",\"type\":\"audio\\\/mpeg\",\"title\":\"Inquietud por bonos en la subterr\\u00e1nea y preocupaci\\u00f3n en protecci\\u00f3n industrial 4 abril\",\"caption\":\"\",\"description\":\"\\u00abInquietud por bonos en la subterr\\u00e1nea y preocupaci\\u00f3n en protecci\\u00f3n industrial 4 abril\\u00bb.\",\"meta\":{\"length_formatted\":\"30:26\"},\"image\":{\"src\":\"https:\\\/\\\/sindicato1chuqui.cl\\\/maqueta\\\/wp-includes\\\/images\\\/media\\\/audio.svg\",\"width\":48,\"height\":64},\"thumb\":{\"src\":\"https:\\\/\\\/sindicato1chuqui.cl\\\/maqueta\\\/wp-includes\\\/images\\\/media\\\/audio.svg\",\"width\":48,\"height\":64}},{\"src\":\"https:\\\/\\\/sindicato1chuqui.cl\\\/maqueta\\\/wp-content\\\/uploads\\\/2023\\\/03\\\/Gestion-sindical-internalizaciones-y-reconocimiento-a-los-socios-abordo-Hector-Roco-27-marzo-2023.mp3\",\"type\":\"audio\\\/mpeg\",\"title\":\"Gesti\\u00f3n sindical, internalizaciones y reconocimiento a los socios abordo H\\u00e9ctor Roco 27 marzo 2023\",\"caption\":\"\",\"description\":\"\\u00abGesti\\u00f3n sindical, internalizaciones y reconocimiento a los socios abordo H\\u00e9ctor Roco 27 marzo 2023\\u00bb.\",\"meta\":{\"length_formatted\":\"24:55\"},\"image\":{\"src\":\"https:\\\/\\\/sindicato1chuqui.cl\\\/maqueta\\\/wp-includes\\\/images\\\/media\\\/audio.svg\",\"width\":48,\"height\":64},\"thumb\":{\"src\":\"https:\\\/\\\/sindicato1chuqui.cl\\\/maqueta\\\/wp-includes\\\/images\\\/media\\\/audio.svg\",\"width\":48,\"height\":64}},{\"src\":\"https:\\\/\\\/sindicato1chuqui.cl\\\/maqueta\\\/wp-content\\\/uploads\\\/2023\\\/03\\\/Problemas-en-el-area-mina-v-dificultades-con-las-tarjetas-de-ingreso-a-faena-manifestaron-dirigentes-20-mar.mp3\",\"type\":\"audio\\\/mpeg\",\"title\":\"Problemas en el \\u00e1rea mina v dificultades con las tarjetas de ingreso a faena manifestaron dirigentes 20 mar\",\"caption\":\"\",\"description\":\"\\u00abProblemas en el \\u00e1rea mina v dificultades con las tarjetas de ingreso a faena manifestaron dirigentes 20 mar\\u00bb.\",\"meta\":{\"length_formatted\":\"27:23\"},\"image\":{\"src\":\"https:\\\/\\\/sindicato1chuqui.cl\\\/maqueta\\\/wp-includes\\\/images\\\/media\\\/audio.svg\",\"width\":48,\"height\":64},\"thumb\":{\"src\":\"https:\\\/\\\/sindicato1chuqui.cl\\\/maqueta\\\/wp-includes\\\/images\\\/media\\\/audio.svg\",\"width\":48,\"height\":64}},{\"src\":\"https:\\\/\\\/sindicato1chuqui.cl\\\/maqueta\\\/wp-content\\\/uploads\\\/2023\\\/03\\\/Buenas-noticias-sobre-ascensos-dificultad-con-licencias-medicas-y-mas-abordaron-dirigentes-en-Panorama-Sindical-10-marzo.mp3\",\"type\":\"audio\\\/mpeg\",\"title\":\"Buenas noticias sobre ascensos, dificultad con licencias m\\u00e9dicas y m\\u00e1s abordaron dirigentes en Panorama Sindical 10 marzo\",\"caption\":\"\",\"description\":\"\\u00abBuenas noticias sobre ascensos, dificultad con licencias m\\u00e9dicas y m\\u00e1s abordaron dirigentes en Panorama Sindical 10 marzo\\u00bb.\",\"meta\":{\"length_formatted\":\"25:23\"},\"image\":{\"src\":\"https:\\\/\\\/sindicato1chuqui.cl\\\/maqueta\\\/wp-includes\\\/images\\\/media\\\/audio.svg\",\"width\":48,\"height\":64},\"thumb\":{\"src\":\"https:\\\/\\\/sindicato1chuqui.cl\\\/maqueta\\\/wp-includes\\\/images\\\/media\\\/audio.svg\",\"width\":48,\"height\":64}},{\"src\":\"https:\\\/\\\/sindicato1chuqui.cl\\\/maqueta\\\/wp-content\\\/uploads\\\/2023\\\/02\\\/Dirigentes-se-refieren-a-visita-a-la-concentradora-23-febrero.mp3\",\"type\":\"audio\\\/mpeg\",\"title\":\"Dirigentes se refieren a visita a la concentradora 23 febrero\",\"caption\":\"\",\"description\":\"\\u00abDirigentes se refieren a visita a la concentradora 23 febrero\\u00bb.\",\"meta\":{\"length_formatted\":\"29:46\"},\"image\":{\"src\":\"https:\\\/\\\/sindicato1chuqui.cl\\\/maqueta\\\/wp-includes\\\/images\\\/media\\\/audio.svg\",\"width\":48,\"height\":64},\"thumb\":{\"src\":\"https:\\\/\\\/sindicato1chuqui.cl\\\/maqueta\\\/wp-includes\\\/images\\\/media\\\/audio.svg\",\"width\":48,\"height\":64}},{\"src\":\"https:\\\/\\\/sindicato1chuqui.cl\\\/maqueta\\\/wp-content\\\/uploads\\\/2023\\\/02\\\/Saludo-Senador-Esteban-Velasquez.mp3\",\"type\":\"audio\\\/mpeg\",\"title\":\"Saludo Senador Esteban Velasquez\",\"caption\":\"\",\"description\":\"\\u00abSaludo Senador Esteban Velasquez\\u00bb.\",\"meta\":{\"length_formatted\":\"5:55\"},\"image\":{\"src\":\"https:\\\/\\\/sindicato1chuqui.cl\\\/maqueta\\\/wp-includes\\\/images\\\/media\\\/audio.svg\",\"width\":48,\"height\":64},\"thumb\":{\"src\":\"https:\\\/\\\/sindicato1chuqui.cl\\\/maqueta\\\/wp-includes\\\/images\\\/media\\\/audio.svg\",\"width\":48,\"height\":64}},{\"src\":\"https:\\\/\\\/sindicato1chuqui.cl\\\/maqueta\\\/wp-content\\\/uploads\\\/2023\\\/02\\\/Paola-Astorga-Asesora-Sindicato.mp3\",\"type\":\"audio\\\/mpeg\",\"title\":\"Paola Astorga Asesora Sindicato\",\"caption\":\"\",\"description\":\"\\u00abPaola Astorga Asesora Sindicato\\u00bb.\",\"meta\":{\"length_formatted\":\"5:05\"},\"image\":{\"src\":\"https:\\\/\\\/sindicato1chuqui.cl\\\/maqueta\\\/wp-includes\\\/images\\\/media\\\/audio.svg\",\"width\":48,\"height\":64},\"thumb\":{\"src\":\"https:\\\/\\\/sindicato1chuqui.cl\\\/maqueta\\\/wp-includes\\\/images\\\/media\\\/audio.svg\",\"width\":48,\"height\":64}},{\"src\":\"https:\\\/\\\/sindicato1chuqui.cl\\\/maqueta\\\/wp-content\\\/uploads\\\/2023\\\/02\\\/Jenifer-Colaeguera-Jefa-Administracion-Sindicato.mp3\",\"type\":\"audio\\\/mpeg\",\"title\":\"Jenifer Colaeguera Jefa Administraci\\u00f3n Sindicato\",\"caption\":\"\",\"description\":\"\\u00abJenifer Colaeguera Jefa Administraci\\u00f3n Sindicato\\u00bb.\",\"meta\":{\"length_formatted\":\"8:16\"},\"image\":{\"src\":\"https:\\\/\\\/sindicato1chuqui.cl\\\/maqueta\\\/wp-includes\\\/images\\\/media\\\/audio.svg\",\"width\":48,\"height\":64},\"thumb\":{\"src\":\"https:\\\/\\\/sindicato1chuqui.cl\\\/maqueta\\\/wp-includes\\\/images\\\/media\\\/audio.svg\",\"width\":48,\"height\":64}},{\"src\":\"https:\\\/\\\/sindicato1chuqui.cl\\\/maqueta\\\/wp-content\\\/uploads\\\/2023\\\/02\\\/Alcalde-Maria-Elena-Omar-Norambuena.mp3\",\"type\":\"audio\\\/mpeg\",\"title\":\"Alcalde Maria Elena Omar Norambuena\",\"caption\":\"\",\"description\":\"\\u00abAlcalde Maria Elena Omar Norambuena\\u00bb.\",\"meta\":{\"length_formatted\":\"2:21\"},\"image\":{\"src\":\"https:\\\/\\\/sindicato1chuqui.cl\\\/maqueta\\\/wp-includes\\\/images\\\/media\\\/audio.svg\",\"width\":48,\"height\":64},\"thumb\":{\"src\":\"https:\\\/\\\/sindicato1chuqui.cl\\\/maqueta\\\/wp-includes\\\/images\\\/media\\\/audio.svg\",\"width\":48,\"height\":64}},{\"src\":\"https:\\\/\\\/sindicato1chuqui.cl\\\/maqueta\\\/wp-content\\\/uploads\\\/2023\\\/02\\\/Alcalde-de-Mejillones-Marcelino-Carvajal.mp3\",\"type\":\"audio\\\/mpeg\",\"title\":\"Alcalde de Mejillones Marcelino Carvajal\",\"caption\":\"\",\"description\":\"\\u00abAlcalde de Mejillones Marcelino Carvajal\\u00bb.\",\"meta\":{\"length_formatted\":\"5:43\"},\"image\":{\"src\":\"https:\\\/\\\/sindicato1chuqui.cl\\\/maqueta\\\/wp-includes\\\/images\\\/media\\\/audio.svg\",\"width\":48,\"height\":64},\"thumb\":{\"src\":\"https:\\\/\\\/sindicato1chuqui.cl\\\/maqueta\\\/wp-includes\\\/images\\\/media\\\/audio.svg\",\"width\":48,\"height\":64}},{\"src\":\"https:\\\/\\\/sindicato1chuqui.cl\\\/maqueta\\\/wp-content\\\/uploads\\\/2023\\\/02\\\/Luis-Astorga-y-Alberto-Munoz.mp3\",\"type\":\"audio\\\/mpeg\",\"title\":\"Luis Astorga y Alberto Mu\\u00f1oz\",\"caption\":\"\",\"description\":\"\\u00abLuis Astorga y Alberto Mu\\u00f1oz\\u00bb.\",\"meta\":{\"length_formatted\":\"6:10\"},\"image\":{\"src\":\"https:\\\/\\\/sindicato1chuqui.cl\\\/maqueta\\\/wp-includes\\\/images\\\/media\\\/audio.svg\",\"width\":48,\"height\":64},\"thumb\":{\"src\":\"https:\\\/\\\/sindicato1chuqui.cl\\\/maqueta\\\/wp-includes\\\/images\\\/media\\\/audio.svg\",\"width\":48,\"height\":64}},{\"src\":\"https:\\\/\\\/sindicato1chuqui.cl\\\/maqueta\\\/wp-content\\\/uploads\\\/2023\\\/02\\\/Claudia-Rojas-Directora-Sindical.mp3\",\"type\":\"audio\\\/mpeg\",\"title\":\"Claudia Rojas Directora Sindical\",\"caption\":\"\",\"description\":\"\\u00abClaudia Rojas Directora Sindical\\u00bb.\",\"meta\":{\"length_formatted\":\"7:16\"},\"image\":{\"src\":\"https:\\\/\\\/sindicato1chuqui.cl\\\/maqueta\\\/wp-includes\\\/images\\\/media\\\/audio.svg\",\"width\":48,\"height\":64},\"thumb\":{\"src\":\"https:\\\/\\\/sindicato1chuqui.cl\\\/maqueta\\\/wp-includes\\\/images\\\/media\\\/audio.svg\",\"width\":48,\"height\":64}},{\"src\":\"https:\\\/\\\/sindicato1chuqui.cl\\\/maqueta\\\/wp-content\\\/uploads\\\/2023\\\/02\\\/Cecilia-Gonzalez-Vicepresidenta-Sindicato.mp3\",\"type\":\"audio\\\/mpeg\",\"title\":\"Cecilia Gonzalez Vicepresidenta Sindicato\",\"caption\":\"\",\"description\":\"\\u00abCecilia Gonzalez Vicepresidenta Sindicato\\u00bb.\",\"meta\":{\"length_formatted\":\"12:47\"},\"image\":{\"src\":\"https:\\\/\\\/sindicato1chuqui.cl\\\/maqueta\\\/wp-includes\\\/images\\\/media\\\/audio.svg\",\"width\":48,\"height\":64},\"thumb\":{\"src\":\"https:\\\/\\\/sindicato1chuqui.cl\\\/maqueta\\\/wp-includes\\\/images\\\/media\\\/audio.svg\",\"width\":48,\"height\":64}},{\"src\":\"https:\\\/\\\/sindicato1chuqui.cl\\\/maqueta\\\/wp-content\\\/uploads\\\/2023\\\/02\\\/Hector-Roco-Presidente-Sindicato.mp3\",\"type\":\"audio\\\/mpeg\",\"title\":\"H\\u00e9ctor Roco Presidente Sindicato\",\"caption\":\"\",\"description\":\"\\u00abH\\u00e9ctor Roco Presidente Sindicato\\u00bb.\",\"meta\":{\"length_formatted\":\"20:55\"},\"image\":{\"src\":\"https:\\\/\\\/sindicato1chuqui.cl\\\/maqueta\\\/wp-includes\\\/images\\\/media\\\/audio.svg\",\"width\":48,\"height\":64},\"thumb\":{\"src\":\"https:\\\/\\\/sindicato1chuqui.cl\\\/maqueta\\\/wp-includes\\\/images\\\/media\\\/audio.svg\",\"width\":48,\"height\":64}},{\"src\":\"https:\\\/\\\/sindicato1chuqui.cl\\\/maqueta\\\/wp-content\\\/uploads\\\/2023\\\/02\\\/Panorama-sindical-14-febrero.mp3\",\"type\":\"audio\\\/mpeg\",\"title\":\"Panorama sindical 14 febrero\",\"caption\":\"\",\"description\":\"\\u00abPanorama sindical 14 febrero\\u00bb.\",\"meta\":{\"length_formatted\":\"33:55\"},\"image\":{\"src\":\"https:\\\/\\\/sindicato1chuqui.cl\\\/maqueta\\\/wp-includes\\\/images\\\/media\\\/audio.svg\",\"width\":48,\"height\":64},\"thumb\":{\"src\":\"https:\\\/\\\/sindicato1chuqui.cl\\\/maqueta\\\/wp-includes\\\/images\\\/media\\\/audio.svg\",\"width\":48,\"height\":64}},{\"src\":\"https:\\\/\\\/sindicato1chuqui.cl\\\/maqueta\\\/wp-content\\\/uploads\\\/2023\\\/02\\\/Dirigentes-en-alerta-por-tema-de-Egresos-Especiales-2-Feb-2023.mp3\",\"type\":\"audio\\\/mpeg\",\"title\":\"Dirigentes en alerta por tema de Egresos Especiales 2 Feb 2023\",\"caption\":\"\",\"description\":\"\\u00abDirigentes en alerta por tema de Egresos Especiales 2 Feb 2023\\u00bb.\",\"meta\":{\"length_formatted\":\"27:55\"},\"image\":{\"src\":\"https:\\\/\\\/sindicato1chuqui.cl\\\/maqueta\\\/wp-includes\\\/images\\\/media\\\/audio.svg\",\"width\":48,\"height\":64},\"thumb\":{\"src\":\"https:\\\/\\\/sindicato1chuqui.cl\\\/maqueta\\\/wp-includes\\\/images\\\/media\\\/audio.svg\",\"width\":48,\"height\":64}},{\"src\":\"https:\\\/\\\/sindicato1chuqui.cl\\\/maqueta\\\/wp-content\\\/uploads\\\/2023\\\/01\\\/Representante-de-los-trabajadore-en-el-del-Directorio-de-Codelco-visito-nuestra-sede.mp3\",\"type\":\"audio\\\/mpeg\",\"title\":\"Representante de los trabajadore en el del Directorio de Codelco visit\\u00f3 nuestra sede\",\"caption\":\"\",\"description\":\"\\u00abRepresentante de los trabajadore en el del Directorio de Codelco visit\\u00f3 nuestra sede\\u00bb.\",\"meta\":{\"length_formatted\":\"2:12\"},\"image\":{\"src\":\"https:\\\/\\\/sindicato1chuqui.cl\\\/maqueta\\\/wp-includes\\\/images\\\/media\\\/audio.svg\",\"width\":48,\"height\":64},\"thumb\":{\"src\":\"https:\\\/\\\/sindicato1chuqui.cl\\\/maqueta\\\/wp-includes\\\/images\\\/media\\\/audio.svg\",\"width\":48,\"height\":64}},{\"src\":\"https:\\\/\\\/sindicato1chuqui.cl\\\/maqueta\\\/wp-content\\\/uploads\\\/2023\\\/01\\\/Dirigentes-dan-a-conocer-su-malestar-con-el-area-de-Remuneraciones-18-enero-2023-1.mp3\",\"type\":\"audio\\\/mpeg\",\"title\":\"Dirigentes dan a conocer su malestar con el \\u00e1rea de Remuneraciones 18 enero 2023\",\"caption\":\"\",\"description\":\"\\u00abDirigentes dan a conocer su malestar con el \\u00e1rea de Remuneraciones 18 enero 2023\\u00bb.\",\"meta\":{\"length_formatted\":\"32:39\"},\"image\":{\"src\":\"https:\\\/\\\/sindicato1chuqui.cl\\\/maqueta\\\/wp-includes\\\/images\\\/media\\\/audio.svg\",\"width\":48,\"height\":64},\"thumb\":{\"src\":\"https:\\\/\\\/sindicato1chuqui.cl\\\/maqueta\\\/wp-includes\\\/images\\\/media\\\/audio.svg\",\"width\":48,\"height\":64}},{\"src\":\"https:\\\/\\\/sindicato1chuqui.cl\\\/maqueta\\\/wp-content\\\/uploads\\\/2023\\\/01\\\/Dirigentes-dan-a-conocer-su-malestar-con-el-area-de-Remuneraciones-18-enero-2023.mp3\",\"type\":\"audio\\\/mpeg\",\"title\":\"Dirigentes dan a conocer su malestar con el \\u00e1rea de Remuneraciones 18 enero 2023\",\"caption\":\"\",\"description\":\"\\u00abDirigentes dan a conocer su malestar con el \\u00e1rea de Remuneraciones 18 enero 2023\\u00bb.\",\"meta\":{\"length_formatted\":\"32:39\"},\"image\":{\"src\":\"https:\\\/\\\/sindicato1chuqui.cl\\\/maqueta\\\/wp-includes\\\/images\\\/media\\\/audio.svg\",\"width\":48,\"height\":64},\"thumb\":{\"src\":\"https:\\\/\\\/sindicato1chuqui.cl\\\/maqueta\\\/wp-includes\\\/images\\\/media\\\/audio.svg\",\"width\":48,\"height\":64}},{\"src\":\"https:\\\/\\\/sindicato1chuqui.cl\\\/maqueta\\\/wp-content\\\/uploads\\\/2023\\\/01\\\/Errores-en-las-liquidaciones-fueron-abordados-en-Panorama-Sindical-10-enero-2023.mp3\",\"type\":\"audio\\\/mpeg\",\"title\":\"Errores en las liquidaciones fueron abordados en Panorama Sindical 10 enero 2023\",\"caption\":\"\",\"description\":\"\\u00abErrores en las liquidaciones fueron abordados en Panorama Sindical 10 enero 2023\\u00bb.\",\"meta\":{\"length_formatted\":\"28:17\"},\"image\":{\"src\":\"https:\\\/\\\/sindicato1chuqui.cl\\\/maqueta\\\/wp-includes\\\/images\\\/media\\\/audio.svg\",\"width\":48,\"height\":64},\"thumb\":{\"src\":\"https:\\\/\\\/sindicato1chuqui.cl\\\/maqueta\\\/wp-includes\\\/images\\\/media\\\/audio.svg\",\"width\":48,\"height\":64}},{\"src\":\"https:\\\/\\\/sindicato1chuqui.cl\\\/maqueta\\\/wp-content\\\/uploads\\\/2023\\\/01\\\/Que-pasa-con-el-pago-del-bono-de-produccion-y-las-gratificaciones-4-enero-2023.mp3\",\"type\":\"audio\\\/mpeg\",\"title\":\"Qu\\u00e9 pasa con el pago del bono de producci\\u00f3n y las gratificaciones 4 enero 2023\",\"caption\":\"\",\"description\":\"\\u00abQu\\u00e9 pasa con el pago del bono de producci\\u00f3n y las gratificaciones 4 enero 2023\\u00bb.\",\"meta\":{\"length_formatted\":\"25:46\"},\"image\":{\"src\":\"https:\\\/\\\/sindicato1chuqui.cl\\\/maqueta\\\/wp-includes\\\/images\\\/media\\\/audio.svg\",\"width\":48,\"height\":64},\"thumb\":{\"src\":\"https:\\\/\\\/sindicato1chuqui.cl\\\/maqueta\\\/wp-includes\\\/images\\\/media\\\/audio.svg\",\"width\":48,\"height\":64}},{\"src\":\"https:\\\/\\\/sindicato1chuqui.cl\\\/maqueta\\\/wp-content\\\/uploads\\\/2023\\\/01\\\/Hector-Roco-relizo-balance-del-2022-29-diciembre.mp3\",\"type\":\"audio\\\/mpeg\",\"title\":\"Hector Roco reliz\\u00f3 balance del 2022 29 diciembre\",\"caption\":\"\",\"description\":\"\\u00abHector Roco reliz\\u00f3 balance del 2022 29 diciembre\\u00bb.\",\"meta\":{\"length_formatted\":\"38:07\"},\"image\":{\"src\":\"https:\\\/\\\/sindicato1chuqui.cl\\\/maqueta\\\/wp-includes\\\/images\\\/media\\\/audio.svg\",\"width\":48,\"height\":64},\"thumb\":{\"src\":\"https:\\\/\\\/sindicato1chuqui.cl\\\/maqueta\\\/wp-includes\\\/images\\\/media\\\/audio.svg\",\"width\":48,\"height\":64}},{\"src\":\"https:\\\/\\\/sindicato1chuqui.cl\\\/maqueta\\\/wp-content\\\/uploads\\\/2022\\\/12\\\/Alberto-Munoz-y-Luis-Astorga-se-refieren-a-los-ascensos-consursos-entre-otros.mp3\",\"type\":\"audio\\\/mpeg\",\"title\":\"Alberto Mu\\u00f1oz y Luis Astorga se refieren a los ascensos, consursos entre otros\",\"caption\":\"\",\"description\":\"\\u00abAlberto Mu\\u00f1oz y Luis Astorga se refieren a los ascensos, consursos entre otros\\u00bb.\",\"meta\":{\"length_formatted\":\"29:17\"},\"image\":{\"src\":\"https:\\\/\\\/sindicato1chuqui.cl\\\/maqueta\\\/wp-includes\\\/images\\\/media\\\/audio.svg\",\"width\":48,\"height\":64},\"thumb\":{\"src\":\"https:\\\/\\\/sindicato1chuqui.cl\\\/maqueta\\\/wp-includes\\\/images\\\/media\\\/audio.svg\",\"width\":48,\"height\":64}},{\"src\":\"https:\\\/\\\/sindicato1chuqui.cl\\\/maqueta\\\/wp-content\\\/uploads\\\/2022\\\/12\\\/Asesor-tibutario-se-refiere-a-beneficios-de-pago-de-Apv-antes-del-30-de-diciembre-22-dic-2022.mp3\",\"type\":\"audio\\\/mpeg\",\"title\":\"Asesor tibutario se refiere a beneficios de pago de Apv antes del 30 de diciembre 22 dic 2022\",\"caption\":\"\",\"description\":\"\\u00abAsesor tibutario se refiere a beneficios de pago de Apv antes del 30 de diciembre 22 dic 2022\\u00bb.\",\"meta\":{\"length_formatted\":\"13:46\"},\"image\":{\"src\":\"https:\\\/\\\/sindicato1chuqui.cl\\\/maqueta\\\/wp-includes\\\/images\\\/media\\\/audio.svg\",\"width\":48,\"height\":64},\"thumb\":{\"src\":\"https:\\\/\\\/sindicato1chuqui.cl\\\/maqueta\\\/wp-includes\\\/images\\\/media\\\/audio.svg\",\"width\":48,\"height\":64}},{\"src\":\"https:\\\/\\\/sindicato1chuqui.cl\\\/maqueta\\\/wp-content\\\/uploads\\\/2022\\\/12\\\/Conciliacion-vacaiones-y-pacto-estrategico-aboradaron-Alberto-Munoz-y-Luis-Astorgas.mp3\",\"type\":\"audio\\\/mpeg\",\"title\":\"Conciliaci\\u00f2n, vacaiones y pacto estrategico aboradaron Alberto Mu\\u00f1oz y Luis Astorgas\",\"caption\":\"\",\"description\":\"\\u00abConciliaci\\u00f2n, vacaiones y pacto estrategico aboradaron Alberto Mu\\u00f1oz y Luis Astorgas\\u00bb.\",\"meta\":{\"length_formatted\":\"24:26\"},\"image\":{\"src\":\"https:\\\/\\\/sindicato1chuqui.cl\\\/maqueta\\\/wp-includes\\\/images\\\/media\\\/audio.svg\",\"width\":48,\"height\":64},\"thumb\":{\"src\":\"https:\\\/\\\/sindicato1chuqui.cl\\\/maqueta\\\/wp-includes\\\/images\\\/media\\\/audio.svg\",\"width\":48,\"height\":64}},{\"src\":\"https:\\\/\\\/sindicato1chuqui.cl\\\/maqueta\\\/wp-content\\\/uploads\\\/2022\\\/12\\\/Alberto-Munoz-se-refiere-al-relanzamiento-del-pacto-estrategico.mp3\",\"type\":\"audio\\\/mpeg\",\"title\":\"Alberto Mu\\u00f1oz se refiere al relanzamiento del pacto estrategico\",\"caption\":\"\",\"description\":\"\\u00abAlberto Mu\\u00f1oz se refiere al relanzamiento del pacto estrategico\\u00bb. Lanzamiento: 2022.\",\"meta\":{\"year\":\"2022\",\"length_formatted\":\"3:25\"},\"image\":{\"src\":\"https:\\\/\\\/sindicato1chuqui.cl\\\/maqueta\\\/wp-includes\\\/images\\\/media\\\/audio.svg\",\"width\":48,\"height\":64},\"thumb\":{\"src\":\"https:\\\/\\\/sindicato1chuqui.cl\\\/maqueta\\\/wp-includes\\\/images\\\/media\\\/audio.svg\",\"width\":48,\"height\":64}},{\"src\":\"https:\\\/\\\/sindicato1chuqui.cl\\\/maqueta\\\/wp-content\\\/uploads\\\/2022\\\/12\\\/Dirigentes-se-refieren-a-firma-de-Pacto-Estrategico-1-diciembre-1.mp3\",\"type\":\"audio\\\/mpeg\",\"title\":\"Dirigentes se refieren a firma de Pacto Estrat\\u00e9gico 1 diciembre\",\"caption\":\"\",\"description\":\"\\u00abDirigentes se refieren a firma de Pacto Estrat\\u00e9gico 1 diciembre\\u00bb. Lanzamiento: 2022.\",\"meta\":{\"year\":\"2022\",\"length_formatted\":\"14:31\"},\"image\":{\"src\":\"https:\\\/\\\/sindicato1chuqui.cl\\\/maqueta\\\/wp-includes\\\/images\\\/media\\\/audio.svg\",\"width\":48,\"height\":64},\"thumb\":{\"src\":\"https:\\\/\\\/sindicato1chuqui.cl\\\/maqueta\\\/wp-includes\\\/images\\\/media\\\/audio.svg\",\"width\":48,\"height\":64}},{\"src\":\"https:\\\/\\\/sindicato1chuqui.cl\\\/maqueta\\\/wp-content\\\/uploads\\\/2022\\\/12\\\/Dirigentes-se-refieren-a-firma-de-Pacto-Estrategico-1-diciembre.mp3\",\"type\":\"audio\\\/mpeg\",\"title\":\"Dirigentes se refieren a firma de Pacto Estrat\\u00e9gico 1 diciembre\",\"caption\":\"\",\"description\":\"\\u00abDirigentes se refieren a firma de Pacto Estrat\\u00e9gico 1 diciembre\\u00bb. Lanzamiento: 2022.\",\"meta\":{\"year\":\"2022\",\"length_formatted\":\"15:20\"},\"image\":{\"src\":\"https:\\\/\\\/sindicato1chuqui.cl\\\/maqueta\\\/wp-includes\\\/images\\\/media\\\/audio.svg\",\"width\":48,\"height\":64},\"thumb\":{\"src\":\"https:\\\/\\\/sindicato1chuqui.cl\\\/maqueta\\\/wp-includes\\\/images\\\/media\\\/audio.svg\",\"width\":48,\"height\":64}},{\"src\":\"https:\\\/\\\/sindicato1chuqui.cl\\\/maqueta\\\/wp-content\\\/uploads\\\/2022\\\/11\\\/Alberto-Munoz-se-refiere-a-problematicas-de-hispital-del-cobre-Fuco-y-Gel-28-nov-2022.mp3\",\"type\":\"audio\\\/mpeg\",\"title\":\"Alberto Mu\\u00f1oz se refiere a problem\\u00e0ticas de hispital del cobre, Fuco y Gel 28 nov 2022\",\"caption\":\"\",\"description\":\"\\u00abAlberto Mu\\u00f1oz se refiere a problem\\u00e0ticas de hispital del cobre, Fuco y Gel 28 nov 2022\\u00bb.\",\"meta\":{\"length_formatted\":\"22:15\"},\"image\":{\"src\":\"https:\\\/\\\/sindicato1chuqui.cl\\\/maqueta\\\/wp-includes\\\/images\\\/media\\\/audio.svg\",\"width\":48,\"height\":64},\"thumb\":{\"src\":\"https:\\\/\\\/sindicato1chuqui.cl\\\/maqueta\\\/wp-includes\\\/images\\\/media\\\/audio.svg\",\"width\":48,\"height\":64}},{\"src\":\"https:\\\/\\\/sindicato1chuqui.cl\\\/maqueta\\\/wp-content\\\/uploads\\\/2022\\\/11\\\/Dirigentes-analizaron-temas-de-seguridad-Hospital-del-Cobre-y-entrega-de-Reloj-de-oro-21-nov.mp3\",\"type\":\"audio\\\/mpeg\",\"title\":\"Dirigentes analizaron temas de seguridad, Hospital del Cobre y entrega de Reloj de oro 21 nov\",\"caption\":\"\",\"description\":\"\\u00abDirigentes analizaron temas de seguridad, Hospital del Cobre y entrega de Reloj de oro 21 nov\\u00bb.\",\"meta\":{\"length_formatted\":\"26:32\"},\"image\":{\"src\":\"https:\\\/\\\/sindicato1chuqui.cl\\\/maqueta\\\/wp-includes\\\/images\\\/media\\\/audio.svg\",\"width\":48,\"height\":64},\"thumb\":{\"src\":\"https:\\\/\\\/sindicato1chuqui.cl\\\/maqueta\\\/wp-includes\\\/images\\\/media\\\/audio.svg\",\"width\":48,\"height\":64}},{\"src\":\"https:\\\/\\\/sindicato1chuqui.cl\\\/maqueta\\\/wp-content\\\/uploads\\\/2022\\\/10\\\/AUD-20221013-WA0002.mp3\",\"type\":\"audio\\\/mpeg\",\"title\":\"AUD-20221013-WA0002\",\"caption\":\"\",\"description\":\"\\u00abAUD-20221013-WA0002\\u00bb.\",\"meta\":{\"length_formatted\":\"7:22\"},\"image\":{\"src\":\"https:\\\/\\\/sindicato1chuqui.cl\\\/maqueta\\\/wp-includes\\\/images\\\/media\\\/audio.svg\",\"width\":48,\"height\":64},\"thumb\":{\"src\":\"https:\\\/\\\/sindicato1chuqui.cl\\\/maqueta\\\/wp-includes\\\/images\\\/media\\\/audio.svg\",\"width\":48,\"height\":64}},{\"src\":\"https:\\\/\\\/sindicato1chuqui.cl\\\/maqueta\\\/wp-content\\\/uploads\\\/2022\\\/09\\\/JORGE-NORIEGA-26-09-2022.mp3\",\"type\":\"audio\\\/mpeg\",\"title\":\"JORGE NORIEGA - 26-09-2022\",\"caption\":\"\",\"description\":\"\\u00abJORGE NORIEGA - 26-09-2022\\u00bb.\",\"meta\":{\"length_formatted\":\"11:01\"},\"image\":{\"src\":\"https:\\\/\\\/sindicato1chuqui.cl\\\/maqueta\\\/wp-includes\\\/images\\\/media\\\/audio.svg\",\"width\":48,\"height\":64},\"thumb\":{\"src\":\"https:\\\/\\\/sindicato1chuqui.cl\\\/maqueta\\\/wp-includes\\\/images\\\/media\\\/audio.svg\",\"width\":48,\"height\":64}},{\"src\":\"https:\\\/\\\/sindicato1chuqui.cl\\\/maqueta\\\/wp-content\\\/uploads\\\/2020\\\/02\\\/Diputado-Velasquez-se-refiere-a-los-90-anos-de-nuestra-organizacion.mp3\",\"type\":\"audio\\\/mpeg\",\"title\":\"Diputado Velasquez se refiere a los 90 a\\u00f1os de nuestra organizaci\\u00f3n\",\"caption\":\"\",\"description\":\"\\\"Diputado Velasquez se refiere a los 90 a\\u00f1os de nuestra organizaci\\u00f3n\\\".\",\"meta\":{\"length_formatted\":\"9:40\"},\"image\":{\"src\":\"https:\\\/\\\/sindicato1chuqui.cl\\\/maqueta\\\/wp-includes\\\/images\\\/media\\\/audio.svg\",\"width\":48,\"height\":64},\"thumb\":{\"src\":\"https:\\\/\\\/sindicato1chuqui.cl\\\/maqueta\\\/wp-includes\\\/images\\\/media\\\/audio.svg\",\"width\":48,\"height\":64}}]}<\/script>\n<\/div>\n\t<\/p>\t\t\t\t\t\t\t\t<\/div>\n\t\t\t\t<\/div>\n\t\t\t\t\t<\/div>\n\t\t<\/div>\n\t\t\t\t\t<\/div>\n\t\t<\/section>\n\t\t\t\t<section class=\"elementor-section elementor-top-section elementor-element elementor-element-0a0d93b elementor-section-boxed elementor-section-height-default elementor-section-height-default\" data-id=\"0a0d93b\" data-element_type=\"section\">\n\t\t\t\t\t\t<div class=\"elementor-container elementor-column-gap-default\">\n\t\t\t\t\t<div class=\"elementor-column elementor-col-100 elementor-top-column elementor-element elementor-element-52f4c3a\" data-id=\"52f4c3a\" data-element_type=\"column\">\n\t\t\t<div class=\"elementor-widget-wrap elementor-element-populated\">\n\t\t\t\t\t\t<div class=\"elementor-element elementor-element-8b8defe elementor-widget elementor-widget-spacer\" data-id=\"8b8defe\" data-element_type=\"widget\" data-widget_type=\"spacer.default\">\n\t\t\t\t<div class=\"elementor-widget-container\">\n\t\t\t\t\t\t\t<div class=\"elementor-spacer\">\n\t\t\t<div class=\"elementor-spacer-inner\"><\/div>\n\t\t<\/div>\n\t\t\t\t\t\t<\/div>\n\t\t\t\t<\/div>\n\t\t\t\t\t<\/div>\n\t\t<\/div>\n\t\t\t\t\t<\/div>\n\t\t<\/section>\n\t\t\t\t<\/div>\n\t\t","protected":false},"excerpt":{"rendered":"<p>Audios Noticias Radio Carill\u00f3nAudio Noticias Radio Carill\u00f3nAudio Noticias Radio Carill\u00f3n Previous Next<\/p>\n","protected":false},"author":3,"featured_media":0,"parent":0,"menu_order":0,"comment_status":"closed","ping_status":"closed","template":"","meta":{"footnotes":""},"class_list":["post-9016","page","type-page","status-publish","hentry"],"_links":{"self":[{"href":"https:\/\/sindicato1chuqui.cl\/maqueta\/wp-json\/wp\/v2\/pages\/9016","targetHints":{"allow":["GET"]}}],"collection":[{"href":"https:\/\/sindicato1chuqui.cl\/maqueta\/wp-json\/wp\/v2\/pages"}],"about":[{"href":"https:\/\/sindicato1chuqui.cl\/maqueta\/wp-json\/wp\/v2\/types\/page"}],"author":[{"embeddable":true,"href":"https:\/\/sindicato1chuqui.cl\/maqueta\/wp-json\/wp\/v2\/users\/3"}],"replies":[{"embeddable":true,"href":"https:\/\/sindicato1chuqui.cl\/maqueta\/wp-json\/wp\/v2\/comments?post=9016"}],"version-history":[{"count":118,"href":"https:\/\/sindicato1chuqui.cl\/maqueta\/wp-json\/wp\/v2\/pages\/9016\/revisions"}],"predecessor-version":[{"id":10787,"href":"https:\/\/sindicato1chuqui.cl\/maqueta\/wp-json\/wp\/v2\/pages\/9016\/revisions\/10787"}],"wp:attachment":[{"href":"https:\/\/sindicato1chuqui.cl\/maqueta\/wp-json\/wp\/v2\/media?parent=9016"}],"curies":[{"name":"wp","href":"https:\/\/api.w.org\/{rel}","templated":true}]}}